{"id":2,"date":"2022-12-06T17:45:41","date_gmt":"2022-12-06T17:45:41","guid":{"rendered":"https:\/\/laescueladevida.com.ar\/?page_id=2"},"modified":"2025-04-23T16:32:26","modified_gmt":"2025-04-23T19:32:26","slug":"aprende-a-vivir-mejor","status":"publish","type":"page","link":"https:\/\/laescueladevida.com.ar\/","title":{"rendered":"Aprende a vivir mejor"},"content":{"rendered":"<p>[et_pb_section fb_built=&#8221;1&#8243; inner_shadow=&#8221;on&#8221; _builder_version=&#8221;4.27.4&#8243; background_color=&#8221;#000000&#8243; use_background_color_gradient=&#8221;on&#8221; background_color_gradient_stops=&#8221;rgba(169,113,75,0) 0%|rgba(0,0,0,0.43) 100%&#8221; background_color_gradient_start=&#8221;rgba(169,113,75,0)&#8221; background_color_gradient_end=&#8221;rgba(0,0,0,0.43)&#8221; background_image=&#8221;https:\/\/laescueladevida.com.ar\/wp-content\/uploads\/2025\/02\/En-el-camino-con-Karina-Benito.webp&#8221; background_blend=&#8221;overlay&#8221; min_height=&#8221;811px&#8221; height=&#8221;1000px&#8221; custom_padding=&#8221;121px||0||false|false&#8221; bottom_divider_height=&#8221;66px&#8221; animation_style=&#8221;fade&#8221; global_colors_info=&#8221;{}&#8221;][et_pb_row _builder_version=&#8221;4.16&#8243; custom_padding=&#8221;27px|0px|139px|0px|false|false&#8221; global_colors_info=&#8221;{}&#8221;][et_pb_column type=&#8221;4_4&#8243; _builder_version=&#8221;4.16&#8243; custom_padding=&#8221;|||&#8221; global_colors_info=&#8221;{}&#8221; custom_padding__hover=&#8221;|||&#8221;][et_pb_text _builder_version=&#8221;4.19.2&#8243; text_font=&#8221;Nunito||||||||&#8221; text_font_size=&#8221;15px&#8221; header_font=&#8221;Poppins|500|||||||&#8221; header_text_align=&#8221;left&#8221; header_text_color=&#8221;#FFFFFF&#8221; header_font_size=&#8221;22px&#8221; header_letter_spacing=&#8221;3px&#8221; custom_padding=&#8221;|||5px&#8221; custom_padding_tablet=&#8221;&#8221; custom_padding_phone=&#8221;|||0px&#8221; custom_padding_last_edited=&#8221;on|phone&#8221; header_text_align_tablet=&#8221;left&#8221; header_text_align_phone=&#8221;right&#8221; header_text_align_last_edited=&#8221;on|phone&#8221; header_font_size_tablet=&#8221;&#8221; header_font_size_phone=&#8221;16px&#8221; header_font_size_last_edited=&#8221;on|phone&#8221; header_text_shadow_style=&#8221;preset1&#8243; global_colors_info=&#8221;{}&#8221;]<\/p>\n<h1>UN LUGAR PARA<\/h1>\n<p>[\/et_pb_text][et_pb_text _builder_version=&#8221;4.19.2&#8243; text_font=&#8221;Nunito||||||||&#8221; text_font_size=&#8221;15px&#8221; header_font=&#8221;Poppins|600|||||||&#8221; header_text_align=&#8221;left&#8221; header_text_color=&#8221;#FFFFFF&#8221; header_font_size=&#8221;70px&#8221; header_line_height=&#8221;1.3em&#8221; custom_margin=&#8221;-33px||||false|false&#8221; custom_padding=&#8221;5px||||false|false&#8221; header_text_align_tablet=&#8221;left&#8221; header_text_align_phone=&#8221;right&#8221; header_text_align_last_edited=&#8221;on|phone&#8221; header_font_size_tablet=&#8221;50px&#8221; header_font_size_phone=&#8221;25px&#8221; header_font_size_last_edited=&#8221;on|tablet&#8221; text_orientation_tablet=&#8221;&#8221; text_orientation_phone=&#8221;right&#8221; text_orientation_last_edited=&#8221;on|phone&#8221; header_text_shadow_style=&#8221;preset1&#8243; global_colors_info=&#8221;{}&#8221;]<\/p>\n<h1>APRENDER A<\/h1>\n<p>[\/et_pb_text][et_pb_text _builder_version=&#8221;4.19.2&#8243; text_font=&#8221;Nunito||||||||&#8221; text_font_size=&#8221;15px&#8221; header_font=&#8221;Poppins|900|||||||&#8221; header_text_align=&#8221;left&#8221; header_text_color=&#8221;#a329cc&#8221; header_font_size=&#8221;70px&#8221; header_line_height=&#8221;1.3em&#8221; custom_margin=&#8221;-63px||||false|false&#8221; custom_margin_tablet=&#8221;&#8221; custom_margin_phone=&#8221;-41px||&#8221; custom_margin_last_edited=&#8221;on|phone&#8221; custom_padding=&#8221;||6px&#8221; header_text_align_tablet=&#8221;left&#8221; header_text_align_phone=&#8221;right&#8221; header_text_align_last_edited=&#8221;on|phone&#8221; header_font_size_tablet=&#8221;&#8221; header_font_size_phone=&#8221;25px&#8221; header_font_size_last_edited=&#8221;on|phone&#8221; text_text_shadow_style=&#8221;preset5&#8243; text_text_shadow_color=&#8221;#FFFFFF&#8221; global_colors_info=&#8221;{}&#8221;]<\/p>\n<h1>VIVIR MEJOR<\/h1>\n<p>[\/et_pb_text][et_pb_text _builder_version=&#8221;4.19.2&#8243; text_font=&#8221;Poppins|600|||||||&#8221; text_text_color=&#8221;#FFFFFF&#8221; text_font_size=&#8221;19px&#8221; text_line_height=&#8221;1.4em&#8221; header_font=&#8221;Poppins||||||||&#8221; header_text_align=&#8221;left&#8221; header_text_color=&#8221;#5499D4&#8243; header_font_size=&#8221;16px&#8221; header_line_height=&#8221;1.8em&#8221; max_width=&#8221;43%&#8221; max_width_tablet=&#8221;&#8221; max_width_phone=&#8221;71%&#8221; max_width_last_edited=&#8221;on|phone&#8221; custom_margin=&#8221;-16px|||&#8221; text_font_size_tablet=&#8221;19px&#8221; text_font_size_phone=&#8221;17px&#8221; text_font_size_last_edited=&#8221;on|phone&#8221; text_line_height_tablet=&#8221;1.4em&#8221; text_line_height_phone=&#8221;1.3em&#8221; text_line_height_last_edited=&#8221;on|phone&#8221; header_font_size_tablet=&#8221;&#8221; header_font_size_phone=&#8221;25px&#8221; header_font_size_last_edited=&#8221;on|phone&#8221; text_orientation_tablet=&#8221;&#8221; text_orientation_phone=&#8221;right&#8221; text_orientation_last_edited=&#8221;on|phone&#8221; module_alignment_tablet=&#8221;&#8221; module_alignment_phone=&#8221;right&#8221; module_alignment_last_edited=&#8221;on|phone&#8221; text_text_shadow_style=&#8221;preset5&#8243; text_text_shadow_color=&#8221;#000000&#8243; global_colors_info=&#8221;{}&#8221;]<\/p>\n<p>En <strong>ESCUELA DE VIDA<\/strong> vas a encontrar todas las herramientas\u00a0 que necesita\u00a0 tu mente y tu coraz\u00f3n para desplegarse. Abrimos el mundo interior\u00a0 para consultar tu s\u00edntoma desde la mirada de Psico bioemocional.\u00a0 Se considera s\u00edntoma todo aquello que no te permite llevar una vida en plenitud, puede ser f\u00edsico, emocional, de pareja, a referente a logros tales como dinero, trabajo, \u00e9xito.<\/p>\n<p>[\/et_pb_text][et_pb_button button_url=&#8221;https:\/\/walink.co\/367069&#8243; url_new_window=&#8221;on&#8221; button_text=&#8221;Contactate&#8221; button_alignment=&#8221;left&#8221; button_alignment_tablet=&#8221;left&#8221; button_alignment_phone=&#8221;right&#8221; button_alignment_last_edited=&#8221;on|phone&#8221; _builder_version=&#8221;4.19.5&#8243; custom_button=&#8221;on&#8221; button_text_size=&#8221;15px&#8221; button_text_color=&#8221;#ffffff&#8221; button_bg_color=&#8221;#a329cc&#8221; button_border_width=&#8221;1px&#8221; button_border_color=&#8221;RGBA(255,255,255,0)&#8221; button_border_radius=&#8221;0px&#8221; button_letter_spacing=&#8221;3px&#8221; button_font=&#8221;Poppins|||on|||||&#8221; button_use_icon=&#8221;off&#8221; custom_padding=&#8221;18px|38px|18px|38px|true|true&#8221; button_text_size_tablet=&#8221;15px&#8221; button_text_size_phone=&#8221;13px&#8221; button_text_size_last_edited=&#8221;on|phone&#8221; button_text_color_hover=&#8221;#ffffff&#8221; button_border_color_hover=&#8221;#3FA2F7 &#8221; button_letter_spacing_hover=&#8221;6px&#8221; button_bg_color_hover=&#8221;#3FA2F7 &#8221; global_colors_info=&#8221;{}&#8221; button_text_size__hover_enabled=&#8221;off&#8221; button_one_text_size__hover_enabled=&#8221;off&#8221; button_two_text_size__hover_enabled=&#8221;off&#8221; button_text_color__hover_enabled=&#8221;on|desktop&#8221; button_text_color__hover=&#8221;#ffffff&#8221; button_one_text_color__hover_enabled=&#8221;off&#8221; button_two_text_color__hover_enabled=&#8221;off&#8221; button_border_width__hover_enabled=&#8221;off&#8221; button_one_border_width__hover_enabled=&#8221;off&#8221; button_two_border_width__hover_enabled=&#8221;off&#8221; button_border_color__hover_enabled=&#8221;on|hover&#8221; button_border_color__hover=&#8221;RGBA(255,255,255,0)&#8221; button_one_border_color__hover_enabled=&#8221;off&#8221; button_two_border_color__hover_enabled=&#8221;off&#8221; button_border_radius__hover_enabled=&#8221;off&#8221; button_one_border_radius__hover_enabled=&#8221;off&#8221; button_two_border_radius__hover_enabled=&#8221;off&#8221; button_letter_spacing__hover_enabled=&#8221;on&#8221; button_letter_spacing__hover=&#8221;6px&#8221; button_one_letter_spacing__hover_enabled=&#8221;off&#8221; button_two_letter_spacing__hover_enabled=&#8221;off&#8221; button_bg_color__hover_enabled=&#8221;on|desktop&#8221; button_bg_color__hover=&#8221;#323fd1&#8243; button_one_bg_color__hover_enabled=&#8221;off&#8221; button_two_bg_color__hover_enabled=&#8221;off&#8221; button_bg_enable_color__hover=&#8221;on&#8221;][\/et_pb_button][\/et_pb_column][\/et_pb_row][et_pb_row column_structure=&#8221;1_3,1_3,1_3&#8243; use_custom_gutter=&#8221;on&#8221; gutter_width=&#8221;2&#8243; make_equal=&#8221;on&#8221; padding_top_bottom_link_1=&#8221;false&#8221; disabled_on=&#8221;on|on|off&#8221; module_id=&#8221;nosotros&#8221; _builder_version=&#8221;4.27.4&#8243; transform_translate=&#8221;0px|7px&#8221; custom_padding=&#8221;0px||0px||false|false&#8221; animation_style=&#8221;slide&#8221; animation_direction=&#8221;bottom&#8221; global_colors_info=&#8221;{}&#8221;][et_pb_column type=&#8221;1_3&#8243; _builder_version=&#8221;4.27.4&#8243; background_image=&#8221;https:\/\/laescueladevida.com.ar\/wp-content\/uploads\/2025\/02\/Conversacion-1-scaled.webp&#8221; custom_padding=&#8221;0px||187px|&#8221; box_shadow_style=&#8221;preset1&#8243; box_shadow_color=&#8221;#FFFFFF&#8221; global_colors_info=&#8221;{}&#8221; custom_padding__hover=&#8221;|||&#8221;][\/et_pb_column][et_pb_column type=&#8221;1_3&#8243; _builder_version=&#8221;4.27.4&#8243; background_image=&#8221;https:\/\/laescueladevida.com.ar\/wp-content\/uploads\/2025\/02\/Karina-cerca-2-scaled.webp&#8221; custom_padding=&#8221;0px||187px|&#8221; box_shadow_style=&#8221;preset1&#8243; box_shadow_color=&#8221;#FFFFFF&#8221; global_colors_info=&#8221;{}&#8221; custom_padding__hover=&#8221;|||&#8221;][\/et_pb_column][et_pb_column type=&#8221;1_3&#8243; _builder_version=&#8221;4.27.4&#8243; background_image=&#8221;https:\/\/laescueladevida.com.ar\/wp-content\/uploads\/2025\/02\/Sesion-con-caballos-2-1-scaled.webp&#8221; custom_padding=&#8221;0px||187px|&#8221; box_shadow_style=&#8221;preset1&#8243; box_shadow_color=&#8221;#FFFFFF&#8221; global_colors_info=&#8221;{}&#8221; custom_padding__hover=&#8221;|||&#8221;][\/et_pb_column][\/et_pb_row][\/et_pb_section][et_pb_section fb_built=&#8221;1&#8243; _builder_version=&#8221;4.19.2&#8243; min_height=&#8221;573px&#8221; min_height_tablet=&#8221;573px&#8221; min_height_phone=&#8221;573px&#8221; min_height_last_edited=&#8221;on|phone&#8221; height_tablet=&#8221;&#8221; height_phone=&#8221;&#8221; height_last_edited=&#8221;on|phone&#8221; max_height_tablet=&#8221;&#8221; max_height_phone=&#8221;&#8221; max_height_last_edited=&#8221;on|phone&#8221; custom_margin=&#8221;-43px||||false|false&#8221; custom_padding=&#8221;0|0px|0|0px|false|false&#8221; global_colors_info=&#8221;{}&#8221;][et_pb_row column_structure=&#8221;1_3,1_3,1_3&#8243; use_custom_gutter=&#8221;on&#8221; gutter_width=&#8221;2&#8243; padding_left_right_link_1=&#8221;false&#8221; padding_left_right_link_2=&#8221;false&#8221; padding_left_right_link_3=&#8221;false&#8221; module_id=&#8221;nosotros&#8221; _builder_version=&#8221;4.19.2&#8243; custom_margin=&#8221;93px||||false|false&#8221; custom_padding=&#8221;0|0px|27px|0px|false|false&#8221; animation_style=&#8221;fade&#8221; animation_direction=&#8221;bottom&#8221; global_colors_info=&#8221;{}&#8221;][et_pb_column type=&#8221;1_3&#8243; _builder_version=&#8221;4.16&#8243; background_color=&#8221;#f9f5f3&#8243; custom_padding=&#8221;|39px||44px&#8221; global_colors_info=&#8221;{}&#8221; background_color__hover=&#8221;#e8985e&#8221; background_color__hover_enabled=&#8221;on&#8221; custom_padding__hover=&#8221;|||&#8221;][et_pb_divider color=&#8221;#a329cc&#8221; divider_weight=&#8221;6px&#8221; _builder_version=&#8221;4.19.2&#8243; max_width=&#8221;42%&#8221; custom_margin=&#8221;|||&#8221; global_colors_info=&#8221;{}&#8221;][\/et_pb_divider][et_pb_text _builder_version=&#8221;4.19.2&#8243; text_font=&#8221;Poppins|700||on|||||&#8221; text_text_color=&#8221;#545248&#8243; text_font_size=&#8221;20px&#8221; text_line_height=&#8221;1.2em&#8221; link_font=&#8221;||||on||||solid&#8221; link_text_color=&#8221;#18BA60&#8243; custom_margin=&#8221;-4px|||&#8221; custom_padding=&#8221;0px|||&#8221; global_colors_info=&#8221;{}&#8221;]<\/p>\n<p>\u00bfC\u00f3mo trabajamos?<\/p>\n<p>[\/et_pb_text][et_pb_text _builder_version=&#8221;4.27.4&#8243; text_font=&#8221;Poppins|300|||||||&#8221; text_text_color=&#8221;#000000&#8243; text_font_size=&#8221;15px&#8221; text_line_height=&#8221;1.8em&#8221; link_font=&#8221;||||on||||solid&#8221; link_text_color=&#8221;#18BA60&#8243; custom_padding=&#8221;0px|||&#8221; global_colors_info=&#8221;{}&#8221;]<\/p>\n<p>Las sesiones son muy intensas de 2 hs. aproximadamente. Donde<br \/>abordaremos situaciones repetitivas. Conflictos emocionales, de relaci\u00f3n, pareja o familiares. Nos vemos una sola vez y s\u00f3lo si fuera necesario nuevamente despu\u00e9s de 40 d\u00edas.<\/p>\n<p>&nbsp;<\/p>\n<p>[\/et_pb_text][\/et_pb_column][et_pb_column type=&#8221;1_3&#8243; _builder_version=&#8221;4.16&#8243; background_color=&#8221;#f9f5f3&#8243; custom_padding=&#8221;|39px||44px&#8221; global_colors_info=&#8221;{}&#8221; background_color__hover=&#8221;#e8985e&#8221; background_color__hover_enabled=&#8221;on&#8221; custom_padding__hover=&#8221;|||&#8221;][et_pb_divider color=&#8221;#a329cc&#8221; divider_weight=&#8221;6px&#8221; _builder_version=&#8221;4.19.2&#8243; max_width=&#8221;42%&#8221; custom_margin=&#8221;|||&#8221; global_colors_info=&#8221;{}&#8221;][\/et_pb_divider][et_pb_text _builder_version=&#8221;4.19.2&#8243; text_font=&#8221;Poppins|700||on|||||&#8221; text_text_color=&#8221;#545248&#8243; text_font_size=&#8221;20px&#8221; text_line_height=&#8221;1.2em&#8221; link_font=&#8221;||||on||||solid&#8221; link_text_color=&#8221;#18BA60&#8243; custom_margin=&#8221;-4px|||&#8221; custom_padding=&#8221;0px|||&#8221; global_colors_info=&#8221;{}&#8221;]<\/p>\n<p>La Sesi\u00f3n<\/p>\n<p>[\/et_pb_text][et_pb_text _builder_version=&#8221;4.19.2&#8243; text_font=&#8221;Poppins|300|||||||&#8221; text_text_color=&#8221;#000000&#8243; text_font_size=&#8221;15px&#8221; text_line_height=&#8221;1.8em&#8221; link_font=&#8221;||||on||||solid&#8221; link_text_color=&#8221;#18BA60&#8243; custom_padding=&#8221;0px|||&#8221; global_colors_info=&#8221;{}&#8221;]<\/p>\n<p>Abordamos s\u00edntomas y diagn\u00f3stico desde una mirada Bio-l\u00f3gica y transgeneracional. En la sesi\u00f3n encontraremos el origen de lo sucedido, sea s\u00edntoma, situaci\u00f3n o emoci\u00f3n. Haremos una estrategia sensata, amorosa y si fuera necesario ejercicios para tu aplicaci\u00f3n en lo cotidiano.<\/p>\n<p>&nbsp;<\/p>\n<p>[\/et_pb_text][\/et_pb_column][et_pb_column type=&#8221;1_3&#8243; _builder_version=&#8221;4.16&#8243; background_color=&#8221;#f9f5f3&#8243; custom_padding=&#8221;|39px||44px&#8221; global_colors_info=&#8221;{}&#8221; background_color__hover=&#8221;#e8985e&#8221; background_color__hover_enabled=&#8221;on&#8221; custom_padding__hover=&#8221;|||&#8221;][et_pb_divider color=&#8221;#a329cc&#8221; divider_weight=&#8221;6px&#8221; _builder_version=&#8221;4.19.2&#8243; max_width=&#8221;42%&#8221; custom_margin=&#8221;|||&#8221; global_colors_info=&#8221;{}&#8221;][\/et_pb_divider][et_pb_text _builder_version=&#8221;4.19.2&#8243; text_font=&#8221;Poppins|700||on|||||&#8221; text_text_color=&#8221;#545248&#8243; text_font_size=&#8221;20px&#8221; text_line_height=&#8221;1.2em&#8221; link_font=&#8221;||||on||||solid&#8221; link_text_color=&#8221;#18BA60&#8243; custom_margin=&#8221;-4px|||&#8221; custom_padding=&#8221;0px|||&#8221; global_colors_info=&#8221;{}&#8221;]<\/p>\n<p>TU TAREA<\/p>\n<p>[\/et_pb_text][et_pb_text _builder_version=&#8221;4.19.2&#8243; text_font=&#8221;Poppins|300|||||||&#8221; text_text_color=&#8221;#000000&#8243; text_font_size=&#8221;15px&#8221; text_line_height=&#8221;1.8em&#8221; link_font=&#8221;||||on||||solid&#8221; link_text_color=&#8221;#18BA60&#8243; custom_padding=&#8221;0px|||&#8221; global_colors_info=&#8221;{}&#8221;]<\/p>\n<p>ES IMPORTANTE que trates de conseguir todos los datos que puedas de tu \u00e1rbol, nunca hay datos de m\u00e1s, de modo que la consigna es: si dudo, los anoto por las dudas. Realiza un esfuerzo en la b\u00fasqueda para poder ver COMO PIENSA EL ARBOL.<\/p>\n<p>&nbsp;<\/p>\n<p>[\/et_pb_text][\/et_pb_column][\/et_pb_row][et_pb_row column_structure=&#8221;1_3,1_3,1_3&#8243; use_custom_gutter=&#8221;on&#8221; gutter_width=&#8221;1&#8243; _builder_version=&#8221;4.19.2&#8243; _module_preset=&#8221;default&#8221; background_color=&#8221;#FFFFFF&#8221; global_colors_info=&#8221;{}&#8221;][et_pb_column type=&#8221;1_3&#8243; _builder_version=&#8221;4.19.2&#8243; _module_preset=&#8221;default&#8221; background_color=&#8221;RGBA(255,255,255,0)&#8221; global_colors_info=&#8221;{}&#8221;][et_pb_button button_url=&#8221;https:\/\/laescueladevida.com.ar\/wp-content\/uploads\/2023\/01\/Consulta.pdf&#8221; url_new_window=&#8221;on&#8221; button_text=&#8221;M\u00c1S DETALLES DE LA SESI\u00d3N&#8221; button_alignment=&#8221;center&#8221; _builder_version=&#8221;4.19.2&#8243; _module_preset=&#8221;default&#8221; custom_button=&#8221;on&#8221; button_text_size=&#8221;16px&#8221; button_text_color=&#8221;#FFFFFF&#8221; button_bg_color=&#8221;#a329cc&#8221; button_border_width=&#8221;0px&#8221; button_font=&#8221;Roboto||||||||&#8221; button_icon=&#8221;&#x3d;||divi||400&#8243; button_on_hover=&#8221;off&#8221; custom_margin=&#8221;22px||0px|0px|false|false&#8221; custom_padding=&#8221;22px|71px|21px|36px|false|false&#8221; box_shadow_style=&#8221;preset2&#8243; global_colors_info=&#8221;{}&#8221;][\/et_pb_button][\/et_pb_column][et_pb_column type=&#8221;1_3&#8243; _builder_version=&#8221;4.19.2&#8243; _module_preset=&#8221;default&#8221; background_color=&#8221;RGBA(255,255,255,0)&#8221; global_colors_info=&#8221;{}&#8221;][et_pb_button button_url=&#8221;https:\/\/walink.co\/367069&#8243; url_new_window=&#8221;on&#8221; button_text=&#8221;PED\u00cd TU SESI\u00d3N &#8221; button_alignment=&#8221;center&#8221; _builder_version=&#8221;4.19.5&#8243; _module_preset=&#8221;default&#8221; custom_button=&#8221;on&#8221; button_text_size=&#8221;16px&#8221; button_text_color=&#8221;#FFFFFF&#8221; button_bg_color=&#8221;#323fd1&#8243; button_border_width=&#8221;0px&#8221; button_font=&#8221;Roboto||||||||&#8221; button_icon=&#8221;&#x3d;||divi||400&#8243; button_on_hover=&#8221;off&#8221; custom_margin=&#8221;22px||0px|0px|false|false&#8221; custom_padding=&#8221;22px|117px|21px|82px|false|false&#8221; box_shadow_style=&#8221;preset2&#8243; global_colors_info=&#8221;{}&#8221;][\/et_pb_button][\/et_pb_column][et_pb_column type=&#8221;1_3&#8243; _builder_version=&#8221;4.19.2&#8243; _module_preset=&#8221;default&#8221; background_color=&#8221;RGBA(255,255,255,0)&#8221; global_colors_info=&#8221;{}&#8221;][et_pb_button button_url=&#8221;https:\/\/laescueladevida.com.ar\/wp-content\/uploads\/2023\/01\/DATOS-PARA-TRANSFERIR-ESCUELA-DE-VIDA.pdf&#8221; url_new_window=&#8221;on&#8221; button_text=&#8221;ABON\u00c1 TU SESI\u00d3N&#8221; button_alignment=&#8221;center&#8221; _builder_version=&#8221;4.19.2&#8243; _module_preset=&#8221;default&#8221; custom_button=&#8221;on&#8221; button_text_size=&#8221;16px&#8221; button_text_color=&#8221;#FFFFFF&#8221; button_bg_color=&#8221;#a329cc&#8221; button_border_width=&#8221;0px&#8221; button_font=&#8221;Roboto||||||||&#8221; button_icon=&#8221;&#x3d;||divi||400&#8243; button_on_hover=&#8221;off&#8221; custom_margin=&#8221;22px||0px|0px|false|false&#8221; custom_padding=&#8221;22px|102px|21px|72px|false|false&#8221; box_shadow_style=&#8221;preset2&#8243; global_colors_info=&#8221;{}&#8221;][\/et_pb_button][\/et_pb_column][\/et_pb_row][et_pb_row _builder_version=&#8221;4.19.2&#8243; _module_preset=&#8221;default&#8221; global_colors_info=&#8221;{}&#8221;][et_pb_column type=&#8221;4_4&#8243; _builder_version=&#8221;4.19.2&#8243; _module_preset=&#8221;default&#8221; global_colors_info=&#8221;{}&#8221;][et_pb_image src=&#8221;https:\/\/laescueladevida.com.ar\/wp-content\/uploads\/2022\/12\/lazo.png&#8221; title_text=&#8221;lazo&#8221; _builder_version=&#8221;4.19.2&#8243; _module_preset=&#8221;default&#8221; width=&#8221;37%&#8221; max_width=&#8221;43%&#8221; module_alignment=&#8221;center&#8221; global_colors_info=&#8221;{}&#8221;][\/et_pb_image][\/et_pb_column][\/et_pb_row][\/et_pb_section][et_pb_section fb_built=&#8221;1&#8243; module_id=&#8221;profesores&#8221; _builder_version=&#8221;4.27.4&#8243; background_color=&#8221;#FFFFFF&#8221; background_enable_image=&#8221;off&#8221; background_position=&#8221;center_left&#8221; background_enable_pattern_style=&#8221;on&#8221; background_pattern_style=&#8221;confetti&#8221; background_pattern_color=&#8221;#8300E9&#8243; background_enable_mask_style=&#8221;on&#8221; background_mask_style=&#8221;corner-paint&#8221; min_height=&#8221;295px&#8221; custom_margin=&#8221;|||||true&#8221; custom_padding=&#8221;80px||80px||true|&#8221; global_colors_info=&#8221;{}&#8221;][et_pb_row column_structure=&#8221;1_2,1_2&#8243; _builder_version=&#8221;4.20.2&#8243; _module_preset=&#8221;default&#8221; background_color=&#8221;RGBA(255,255,255,0)&#8221; global_colors_info=&#8221;{}&#8221;][et_pb_column type=&#8221;1_2&#8243; _builder_version=&#8221;4.20.2&#8243; _module_preset=&#8221;default&#8221; background_color=&#8221;RGBA(255,255,255,0)&#8221; animation_style=&#8221;flip&#8221; animation_direction=&#8221;right&#8221; animation_duration=&#8221;1450ms&#8221; global_colors_info=&#8221;{}&#8221;][et_pb_text _builder_version=&#8221;4.20.2&#8243; header_font=&#8221;Poppins|800|||||||&#8221; header_text_color=&#8221;#a329cc&#8221; header_2_font=&#8221;||||||||&#8221; header_2_font_size=&#8221;15px&#8221; custom_margin=&#8221;-24px|||&#8221; global_colors_info=&#8221;{}&#8221;]<\/p>\n<h1 style=\"text-align: center;\">SOMOS ESCUELA CON AVAL NACIONAL E\u00a0 INTERNACIONAL<\/h1>\n<p>[\/et_pb_text][et_pb_text _builder_version=&#8221;4.20.2&#8243; text_font=&#8221;Roboto|300|||||||&#8221; text_text_color=&#8221;#000000&#8243; text_font_size=&#8221;15px&#8221; text_line_height=&#8221;1.8em&#8221; background_color=&#8221;RGBA(255,255,255,0)&#8221; text_orientation=&#8221;center&#8221; max_width=&#8221;93%&#8221; max_width_tablet=&#8221;80%&#8221; max_width_phone=&#8221;90%&#8221; max_width_last_edited=&#8221;on|desktop&#8221; module_alignment=&#8221;center&#8221; custom_margin=&#8221;-13px||&#8221; custom_padding=&#8221;0px||&#8221; global_colors_info=&#8221;{}&#8221;]<\/p>\n<p>En <span style=\"color: #800080;\"><strong>ESCUELA DE VIDA<\/strong><\/span>, estamos muy felices, ya que logramos desde agosto 2023 <strong>contar con matriculaci\u00f3n avalada por las <span style=\"color: #800080;\">ASOCIACI\u00d3N CIVIL<\/span> \u00a0<span style=\"color: #800080;\">MAESTROS DE TERAPIAS<\/span><\/strong> <span style=\"color: #800080;\"><strong>ALTERNATIVAS<\/strong><\/span>. La misma nos ofrece un aval y ordenamiento para respaldar cada proyecto de nuestra <em><strong>Escuela de vida<\/strong><\/em>.<\/p>\n<p>[\/et_pb_text][\/et_pb_column][et_pb_column type=&#8221;1_2&#8243; _builder_version=&#8221;4.20.2&#8243; _module_preset=&#8221;default&#8221; animation_style=&#8221;fold&#8221; animation_direction=&#8221;right&#8221; animation_duration=&#8221;1350ms&#8221; global_colors_info=&#8221;{}&#8221;][et_pb_image src=&#8221;https:\/\/laescueladevida.com.ar\/wp-content\/uploads\/2025\/02\/Asociacion-Civil-Maestros-de-terapias-holisticas.webp&#8221; alt=&#8221;Especialista avalada por la Asociaci\u00f3n civil Maestros de terapias Hol\u00edsticas&#8221; title_text=&#8221;Asociaci\u00f3n Civil Maestros de terapias hol\u00edsticas&#8221; align=&#8221;center&#8221; _builder_version=&#8221;4.27.4&#8243; _module_preset=&#8221;default&#8221; width=&#8221;45%&#8221; max_width=&#8221;83%&#8221; custom_margin=&#8221;-42px||||false|false&#8221; global_colors_info=&#8221;{}&#8221;][\/et_pb_image][\/et_pb_column][\/et_pb_row][\/et_pb_section][et_pb_section fb_built=&#8221;1&#8243; _builder_version=&#8221;4.27.4&#8243; _module_preset=&#8221;default&#8221; custom_margin=&#8221;-118px||-52px||false|false&#8221; global_colors_info=&#8221;{}&#8221;][et_pb_row _builder_version=&#8221;4.19.2&#8243; _module_preset=&#8221;default&#8221; global_colors_info=&#8221;{}&#8221;][et_pb_column type=&#8221;4_4&#8243; _builder_version=&#8221;4.19.2&#8243; _module_preset=&#8221;default&#8221; global_colors_info=&#8221;{}&#8221;][et_pb_image src=&#8221;https:\/\/laescueladevida.com.ar\/wp-content\/uploads\/2022\/12\/lazo.png&#8221; title_text=&#8221;lazo&#8221; _builder_version=&#8221;4.19.2&#8243; _module_preset=&#8221;default&#8221; width=&#8221;37%&#8221; max_width=&#8221;43%&#8221; module_alignment=&#8221;center&#8221; global_colors_info=&#8221;{}&#8221;][\/et_pb_image][\/et_pb_column][\/et_pb_row][et_pb_row column_structure=&#8221;2_5,3_5&#8243; _builder_version=&#8221;4.27.4&#8243; _module_preset=&#8221;default&#8221; custom_margin=&#8221;||-70px||false|false&#8221; global_colors_info=&#8221;{}&#8221;][et_pb_column type=&#8221;2_5&#8243; _builder_version=&#8221;4.27.4&#8243; _module_preset=&#8221;default&#8221; global_colors_info=&#8221;{}&#8221;][et_pb_code _builder_version=&#8221;4.27.4&#8243; _module_preset=&#8221;default&#8221; global_colors_info=&#8221;{}&#8221;]<video id=\"miVideo\" src= https:\/\/laescueladevida.com.ar\/wp-content\/uploads\/2025\/03\/Nila-interior.mp4 muted playsinline style=\"width: 100%; max-width: 400px;\" controls><\/video><!-- [et_pb_line_break_holder] --><script><!-- [et_pb_line_break_holder] -->  document.addEventListener(\"DOMContentLoaded\", function () {<!-- [et_pb_line_break_holder] -->    let video = document.getElementById(\"miVideo\");<!-- [et_pb_line_break_holder] --><!-- [et_pb_line_break_holder] -->    let observer = new IntersectionObserver(<!-- [et_pb_line_break_holder] -->      (entries) => {<!-- [et_pb_line_break_holder] -->        entries.forEach((entry) => {<!-- [et_pb_line_break_holder] -->          if (entry.isIntersecting) {<!-- [et_pb_line_break_holder] -->            video.play();<!-- [et_pb_line_break_holder] -->          } else {<!-- [et_pb_line_break_holder] -->            video.pause();<!-- [et_pb_line_break_holder] -->          }<!-- [et_pb_line_break_holder] -->        });<!-- [et_pb_line_break_holder] -->      },<!-- [et_pb_line_break_holder] -->      { threshold: 0.5 } \/\/ Se activa cuando el 50% del video es visible en pantalla<!-- [et_pb_line_break_holder] -->    );<!-- [et_pb_line_break_holder] --><!-- [et_pb_line_break_holder] -->    observer.observe(video);<!-- [et_pb_line_break_holder] -->  });<!-- [et_pb_line_break_holder] --><\/script><!-- [et_pb_line_break_holder] -->[\/et_pb_code][\/et_pb_column][et_pb_column type=&#8221;3_5&#8243; _builder_version=&#8221;4.27.4&#8243; _module_preset=&#8221;default&#8221; global_colors_info=&#8221;{}&#8221;][et_pb_heading title=&#8221;\u2728 Sana tu ni\u00f1a interior y abraza tu pasado con amor \u2764\ufe0f&#8221; _builder_version=&#8221;4.27.4&#8243; _module_preset=&#8221;default&#8221; title_font=&#8221;|600|||||||&#8221; title_text_align=&#8221;right&#8221; title_font_size=&#8221;37px&#8221; title_line_height=&#8221;1.4em&#8221; text_shadow_style=&#8221;preset1&#8243; global_colors_info=&#8221;{}&#8221;][\/et_pb_heading][et_pb_code disabled_on=&#8221;on|on|on&#8221; _builder_version=&#8221;4.27.4&#8243; _module_preset=&#8221;default&#8221; custom_css_free_form=&#8221;html {||  scroll-behavior: smooth;||}&#8221; disabled=&#8221;on&#8221; global_colors_info=&#8221;{}&#8221;]<\/p>\n<h2 id=\"EjercicioSanacion\">Ejercicio de Sanaci\u00f3n<\/h2>\n<p><!-- [et_pb_line_break_holder] -->[\/et_pb_code][et_pb_text _builder_version=&#8221;4.27.4&#8243; _module_preset=&#8221;default&#8221; text_font_size=&#8221;20px&#8221; text_orientation=&#8221;justified&#8221; global_colors_info=&#8221;{}&#8221;]<\/p>\n<p data-start=\"142\" data-end=\"396\">A lo largo de nuestra vida, las experiencias de la infancia dejan <strong data-start=\"208\" data-end=\"229\">huellas profundas<\/strong> en nuestro interior. Algunas nos llenan de \ud83d\udc96 amor y alegr\u00eda, mientras que otras pueden generar <strong data-start=\"326\" data-end=\"349\">heridas emocionales<\/strong> que a\u00fan hoy influyen en nuestra vida adulta.<\/p>\n<p data-start=\"398\" data-end=\"642\">\ud83c\udf3f <strong data-start=\"401\" data-end=\"489\">Este ejercicio te guiar\u00e1 en un proceso de sanaci\u00f3n y reconexi\u00f3n con tu ni\u00f1a interior<\/strong>, permiti\u00e9ndote abrazar tus emociones con amor y comprensi\u00f3n. Desc\u00e1rgalo ahora y comienza tu camino hacia la <strong data-start=\"598\" data-end=\"639\">paz interior y el bienestar emocional<\/strong>.<\/p>\n<p>[\/et_pb_text][et_pb_button button_url=&#8221;https:\/\/laescueladevida.com.ar\/wp-content\/uploads\/2025\/03\/Sanar-nina-interior.pdf&#8221; url_new_window=&#8221;on&#8221; button_text=&#8221;\ud83d\udce9 Descargar Ejercicio&#8221; button_alignment=&#8221;right&#8221; _builder_version=&#8221;4.27.4&#8243; _module_preset=&#8221;default&#8221; custom_button=&#8221;on&#8221; button_text_color=&#8221;#8300E9&#8243; button_border_radius=&#8221;35px&#8221; global_colors_info=&#8221;{}&#8221;][\/et_pb_button][\/et_pb_column][\/et_pb_row][\/et_pb_section][et_pb_section fb_built=&#8221;1&#8243; _builder_version=&#8221;4.27.4&#8243; _module_preset=&#8221;default&#8221; custom_margin=&#8221;-118px||-52px||false|false&#8221; global_colors_info=&#8221;{}&#8221;][et_pb_row _builder_version=&#8221;4.19.2&#8243; _module_preset=&#8221;default&#8221; global_colors_info=&#8221;{}&#8221;][et_pb_column type=&#8221;4_4&#8243; _builder_version=&#8221;4.19.2&#8243; _module_preset=&#8221;default&#8221; global_colors_info=&#8221;{}&#8221;][et_pb_image src=&#8221;https:\/\/laescueladevida.com.ar\/wp-content\/uploads\/2022\/12\/lazo.png&#8221; title_text=&#8221;lazo&#8221; _builder_version=&#8221;4.19.2&#8243; _module_preset=&#8221;default&#8221; width=&#8221;37%&#8221; max_width=&#8221;43%&#8221; module_alignment=&#8221;center&#8221; global_colors_info=&#8221;{}&#8221;][\/et_pb_image][\/et_pb_column][\/et_pb_row][et_pb_row _builder_version=&#8221;4.27.4&#8243; _module_preset=&#8221;default&#8221; custom_margin=&#8221;||-70px||false|false&#8221; global_colors_info=&#8221;{}&#8221;][et_pb_column type=&#8221;4_4&#8243; _builder_version=&#8221;4.27.4&#8243; _module_preset=&#8221;default&#8221; global_colors_info=&#8221;{}&#8221;][et_pb_blog show_thumbnail=&#8221;off&#8221; _builder_version=&#8221;4.27.4&#8243; _module_preset=&#8221;default&#8221; custom_margin=&#8221;0px||-70px||false|false&#8221; global_colors_info=&#8221;{}&#8221;][\/et_pb_blog][et_pb_button button_text=&#8221;Seguir Leyendo&#8221; button_alignment=&#8221;right&#8221; button_alignment_tablet=&#8221;right&#8221; button_alignment_phone=&#8221;center&#8221; button_alignment_last_edited=&#8221;on|phone&#8221; _builder_version=&#8221;4.27.4&#8243; _module_preset=&#8221;default&#8221; custom_margin_tablet=&#8221;&#8221; custom_margin_phone=&#8221;41px||||false|false&#8221; custom_margin_last_edited=&#8221;on|phone&#8221; global_colors_info=&#8221;{}&#8221;][\/et_pb_button][\/et_pb_column][\/et_pb_row][et_pb_row _builder_version=&#8221;4.19.2&#8243; _module_preset=&#8221;default&#8221; global_colors_info=&#8221;{}&#8221;][et_pb_column type=&#8221;4_4&#8243; _builder_version=&#8221;4.19.2&#8243; _module_preset=&#8221;default&#8221; global_colors_info=&#8221;{}&#8221;][et_pb_image src=&#8221;https:\/\/laescueladevida.com.ar\/wp-content\/uploads\/2022\/12\/lazo.png&#8221; title_text=&#8221;lazo&#8221; _builder_version=&#8221;4.19.2&#8243; _module_preset=&#8221;default&#8221; width=&#8221;37%&#8221; max_width=&#8221;43%&#8221; module_alignment=&#8221;center&#8221; global_colors_info=&#8221;{}&#8221;][\/et_pb_image][\/et_pb_column][\/et_pb_row][\/et_pb_section][et_pb_section fb_built=&#8221;1&#8243; next_background_color=&#8221;#8300E9&#8243; admin_label=&#8221;Exclusive Feature Section&#8221; module_id=&#8221;Karina&#8221; _builder_version=&#8221;4.27.4&#8243; background_enable_color=&#8221;off&#8221; background_image=&#8221;https:\/\/laescueladevida.com.ar\/wp-content\/uploads\/2025\/04\/cambio-imagen-1.webp&#8221; custom_margin=&#8221;||||false|false&#8221; custom_padding=&#8221;500px||500px||true|false&#8221; top_divider_height=&#8221;148px&#8221; top_divider_repeat=&#8221;3x&#8221; top_divider_flip=&#8221;vertical&#8221; bottom_divider_style=&#8221;arrow3&#8243; bottom_divider_height=&#8221;59px&#8221; animation_style=&#8221;flip&#8221; animation_duration=&#8221;500ms&#8221; global_colors_info=&#8221;{}&#8221;][\/et_pb_section][et_pb_section fb_built=&#8221;1&#8243; _builder_version=&#8221;4.22.1&#8243; background_color=&#8221;#8300E9&#8243; background_image=&#8221;https:\/\/laescueladevida.com.ar\/wp-content\/uploads\/2023\/08\/Diseno-sin-titulo-23.jpg&#8221; parallax=&#8221;on&#8221; parallax_method=&#8221;off&#8221; background_blend=&#8221;luminosity&#8221; custom_padding=&#8221;70px|0px|70px|0px|true|false&#8221; global_colors_info=&#8221;{}&#8221;][et_pb_row use_custom_gutter=&#8221;on&#8221; gutter_width=&#8221;2&#8243; make_equal=&#8221;on&#8221; _builder_version=&#8221;4.16&#8243; width=&#8221;98%&#8221; width_tablet=&#8221;90%&#8221; width_phone=&#8221;90%&#8221; width_last_edited=&#8221;on|tablet&#8221; max_width=&#8221;1170px&#8221; max_width_tablet=&#8221;90%&#8221; max_width_phone=&#8221;90%&#8221; max_width_last_edited=&#8221;on|desktop&#8221; custom_padding=&#8221;|||||&#8221; animation_style=&#8221;slide&#8221; animation_direction=&#8221;bottom&#8221; animation_duration=&#8221;1400ms&#8221; animation_delay=&#8221;500ms&#8221; global_colors_info=&#8221;{}&#8221;][et_pb_column type=&#8221;4_4&#8243; _builder_version=&#8221;4.16&#8243; custom_padding=&#8221;|||&#8221; global_colors_info=&#8221;{}&#8221; custom_padding__hover=&#8221;|||&#8221;][et_pb_text _builder_version=&#8221;4.20.2&#8243; text_font=&#8221;Poppins||||||||&#8221; text_font_size=&#8221;15px&#8221; text_line_height=&#8221;1em&#8221; header_font=&#8221;Poppins||||||||&#8221; header_text_align=&#8221;center&#8221; header_text_color=&#8221;#ffffff&#8221; header_font_size=&#8221;36px&#8221; header_line_height=&#8221;1.1em&#8221; max_width=&#8221;700px&#8221; module_alignment=&#8221;center&#8221; custom_margin=&#8221;-4px|||&#8221; header_font_size_tablet=&#8221;&#8221; header_font_size_phone=&#8221;25px&#8221; header_font_size_last_edited=&#8221;on|phone&#8221; global_colors_info=&#8221;{}&#8221;]<\/p>\n<h1>La <strong>Escuela de Vida<\/strong>, llega a diferentes lugares. <strong>Consult\u00e1 por fechas<\/strong>! <span>.<\/span><\/h1>\n<p>[\/et_pb_text][\/et_pb_column][\/et_pb_row][et_pb_row column_structure=&#8221;1_3,1_3,1_3&#8243; _builder_version=&#8221;4.20.2&#8243; _module_preset=&#8221;default&#8221; global_colors_info=&#8221;{}&#8221;][et_pb_column type=&#8221;1_3&#8243; _builder_version=&#8221;4.20.2&#8243; _module_preset=&#8221;default&#8221; animation_style=&#8221;flip&#8221; animation_duration=&#8221;500ms&#8221; global_colors_info=&#8221;{}&#8221;][et_pb_text _builder_version=&#8221;4.22.1&#8243; text_font=&#8221;Nunito||||||||&#8221; text_font_size=&#8221;15px&#8221; header_font=&#8221;Poppins|700|||on||||&#8221; header_text_align=&#8221;center&#8221; header_text_color=&#8221;#ffffff&#8221; header_font_size=&#8221;17px&#8221; header_letter_spacing=&#8221;2px&#8221; header_line_height=&#8221;1.3em&#8221; link_option_url=&#8221;wa.link\/tsw8ji&#8221; link_option_url_new_window=&#8221;on&#8221; header_font_size_tablet=&#8221;&#8221; header_font_size_phone=&#8221;13px&#8221; header_font_size_last_edited=&#8221;on|phone&#8221; global_colors_info=&#8221;{}&#8221;]<\/p>\n<h1>PROVINCIA BUENOS AIRES<\/h1>\n<p>[\/et_pb_text][et_pb_icon font_icon=&#8221;&#xe023;||divi||400&#8243; icon_color=&#8221;#FFFFFF&#8221; icon_width=&#8221;31px&#8221; _builder_version=&#8221;4.22.1&#8243; _module_preset=&#8221;default&#8221; custom_margin=&#8221;-24px||||false|false&#8221; global_colors_info=&#8221;{}&#8221;][\/et_pb_icon][et_pb_text _builder_version=&#8221;4.20.2&#8243; text_font=&#8221;Nunito||||||||&#8221; text_font_size=&#8221;15px&#8221; header_font=&#8221;Poppins|500|||||||&#8221; header_text_align=&#8221;center&#8221; header_text_color=&#8221;#ffffff&#8221; header_font_size=&#8221;14px&#8221; header_letter_spacing=&#8221;2px&#8221; header_line_height=&#8221;1.3em&#8221; custom_margin=&#8221;-19px||||false|false&#8221; header_font_size_tablet=&#8221;&#8221; header_font_size_phone=&#8221;13px&#8221; header_font_size_last_edited=&#8221;on|phone&#8221; global_colors_info=&#8221;{}&#8221;]<\/p>\n<h1 style=\"text-align: center;\">\u2022LUJAN<br \/>\u2022GENERAL RODRIGUEZ<br \/>\u2022SALTO ARGENTINO<\/h1>\n<p>[\/et_pb_text][et_pb_text _builder_version=&#8221;4.22.1&#8243; text_font=&#8221;Nunito||||||||&#8221; text_font_size=&#8221;15px&#8221; header_font=&#8221;Poppins|700|||on||||&#8221; header_text_align=&#8221;center&#8221; header_text_color=&#8221;#ffffff&#8221; header_font_size=&#8221;17px&#8221; header_letter_spacing=&#8221;2px&#8221; header_line_height=&#8221;1.3em&#8221; link_option_url=&#8221;wa.link\/tsw8ji&#8221; link_option_url_new_window=&#8221;on&#8221; header_font_size_tablet=&#8221;&#8221; header_font_size_phone=&#8221;13px&#8221; header_font_size_last_edited=&#8221;on|phone&#8221; global_colors_info=&#8221;{}&#8221;]<\/p>\n<h1>SANTA CRUZ<\/h1>\n<p>[\/et_pb_text][et_pb_icon font_icon=&#8221;&#xe023;||divi||400&#8243; icon_color=&#8221;#FFFFFF&#8221; icon_width=&#8221;31px&#8221; _builder_version=&#8221;4.22.1&#8243; _module_preset=&#8221;default&#8221; custom_margin=&#8221;-24px||||false|false&#8221; global_colors_info=&#8221;{}&#8221;][\/et_pb_icon][et_pb_text _builder_version=&#8221;4.20.2&#8243; text_font=&#8221;Nunito||||||||&#8221; text_font_size=&#8221;15px&#8221; header_font=&#8221;Poppins|500|||||||&#8221; header_text_align=&#8221;center&#8221; header_text_color=&#8221;#ffffff&#8221; header_font_size=&#8221;14px&#8221; header_letter_spacing=&#8221;2px&#8221; header_line_height=&#8221;1.3em&#8221; custom_margin=&#8221;-18px||||false|false&#8221; header_font_size_tablet=&#8221;&#8221; header_font_size_phone=&#8221;13px&#8221; header_font_size_last_edited=&#8221;on|phone&#8221; global_colors_info=&#8221;{}&#8221;]<\/p>\n<h1>\u2022CALETA OLIVIA<\/h1>\n<p>[\/et_pb_text][\/et_pb_column][et_pb_column type=&#8221;1_3&#8243; _builder_version=&#8221;4.20.2&#8243; _module_preset=&#8221;default&#8221; animation_style=&#8221;fold&#8221; global_colors_info=&#8221;{}&#8221;][et_pb_text _builder_version=&#8221;4.22.1&#8243; text_font=&#8221;Nunito||||||||&#8221; text_font_size=&#8221;17px&#8221; header_font=&#8221;Poppins|700|||on||||&#8221; header_text_align=&#8221;center&#8221; header_text_color=&#8221;#ffffff&#8221; header_font_size=&#8221;17px&#8221; header_letter_spacing=&#8221;2px&#8221; header_line_height=&#8221;1.3em&#8221; link_option_url=&#8221;wa.link\/tsw8ji&#8221; link_option_url_new_window=&#8221;on&#8221; header_font_size_tablet=&#8221;&#8221; header_font_size_phone=&#8221;13px&#8221; header_font_size_last_edited=&#8221;on|phone&#8221; global_colors_info=&#8221;{}&#8221;]<\/p>\n<h1>SANTA FE<\/h1>\n<p>[\/et_pb_text][et_pb_icon font_icon=&#8221;&#xe023;||divi||400&#8243; icon_color=&#8221;#FFFFFF&#8221; icon_width=&#8221;31px&#8221; _builder_version=&#8221;4.22.1&#8243; _module_preset=&#8221;default&#8221; custom_margin=&#8221;-24px||||false|false&#8221; global_colors_info=&#8221;{}&#8221;][\/et_pb_icon][et_pb_text _builder_version=&#8221;4.20.2&#8243; text_font=&#8221;Nunito||||||||&#8221; text_font_size=&#8221;15px&#8221; header_font=&#8221;Poppins|500|||||||&#8221; header_text_align=&#8221;center&#8221; header_text_color=&#8221;#ffffff&#8221; header_font_size=&#8221;14px&#8221; header_letter_spacing=&#8221;2px&#8221; header_line_height=&#8221;1.3em&#8221; custom_margin=&#8221;-22px||||false|false&#8221; header_font_size_tablet=&#8221;&#8221; header_font_size_phone=&#8221;13px&#8221; header_font_size_last_edited=&#8221;on|phone&#8221; global_colors_info=&#8221;{}&#8221;]<\/p>\n<h1>\u2022ROSARIO<br \/>\u2022SAN JUSTO<br \/>\u2022SAN JAVIER<\/h1>\n<p>[\/et_pb_text][et_pb_text _builder_version=&#8221;4.22.1&#8243; text_font=&#8221;Nunito||||||||&#8221; text_font_size=&#8221;15px&#8221; header_font=&#8221;Poppins|700|||on||||&#8221; header_text_align=&#8221;center&#8221; header_text_color=&#8221;#ffffff&#8221; header_font_size=&#8221;17px&#8221; header_letter_spacing=&#8221;2px&#8221; header_line_height=&#8221;1.3em&#8221; link_option_url=&#8221;wa.link\/tsw8ji&#8221; link_option_url_new_window=&#8221;on&#8221; header_font_size_tablet=&#8221;&#8221; header_font_size_phone=&#8221;13px&#8221; header_font_size_last_edited=&#8221;on|phone&#8221; global_colors_info=&#8221;{}&#8221;]<\/p>\n<h1>URUGUAY<\/h1>\n<p>[\/et_pb_text][et_pb_icon font_icon=&#8221;&#xe023;||divi||400&#8243; icon_color=&#8221;#FFFFFF&#8221; icon_width=&#8221;31px&#8221; _builder_version=&#8221;4.22.1&#8243; _module_preset=&#8221;default&#8221; custom_margin=&#8221;-24px||||false|false&#8221; global_colors_info=&#8221;{}&#8221;][\/et_pb_icon][et_pb_text _builder_version=&#8221;4.20.2&#8243; text_font=&#8221;Nunito||||||||&#8221; text_font_size=&#8221;15px&#8221; header_font=&#8221;Poppins|500|||||||&#8221; header_text_align=&#8221;center&#8221; header_text_color=&#8221;#ffffff&#8221; header_font_size=&#8221;14px&#8221; header_letter_spacing=&#8221;2px&#8221; header_line_height=&#8221;1.3em&#8221; custom_margin=&#8221;-21px||||false|false&#8221; header_font_size_tablet=&#8221;&#8221; header_font_size_phone=&#8221;13px&#8221; header_font_size_last_edited=&#8221;on|phone&#8221; global_colors_info=&#8221;{}&#8221;]<\/p>\n<h1>\u2022MONTEVIDEO<\/h1>\n<p>[\/et_pb_text][\/et_pb_column][et_pb_column type=&#8221;1_3&#8243; _builder_version=&#8221;4.20.2&#8243; _module_preset=&#8221;default&#8221; animation_style=&#8221;fold&#8221; animation_duration=&#8221;1500ms&#8221; global_colors_info=&#8221;{}&#8221;][et_pb_text _builder_version=&#8221;4.22.1&#8243; text_font=&#8221;Nunito||||||||&#8221; text_font_size=&#8221;17px&#8221; header_font=&#8221;Poppins|800|||on||||&#8221; header_text_align=&#8221;center&#8221; header_text_color=&#8221;#ffffff&#8221; header_font_size=&#8221;17px&#8221; header_letter_spacing=&#8221;2px&#8221; header_line_height=&#8221;1.3em&#8221; link_option_url=&#8221;wa.link\/tsw8ji&#8221; link_option_url_new_window=&#8221;on&#8221; header_font_size_tablet=&#8221;&#8221; header_font_size_phone=&#8221;13px&#8221; header_font_size_last_edited=&#8221;on|phone&#8221; global_colors_info=&#8221;{}&#8221;]<\/p>\n<h1>CHUBUT<\/h1>\n<p>[\/et_pb_text][et_pb_icon font_icon=&#8221;&#xe023;||divi||400&#8243; icon_color=&#8221;#FFFFFF&#8221; icon_width=&#8221;31px&#8221; _builder_version=&#8221;4.22.1&#8243; _module_preset=&#8221;default&#8221; custom_margin=&#8221;-24px||||false|false&#8221; global_colors_info=&#8221;{}&#8221;][\/et_pb_icon][et_pb_text _builder_version=&#8221;4.20.2&#8243; text_font=&#8221;Nunito||||||||&#8221; text_font_size=&#8221;15px&#8221; header_font=&#8221;Poppins|500|||||||&#8221; header_text_align=&#8221;center&#8221; header_text_color=&#8221;#ffffff&#8221; header_font_size=&#8221;14px&#8221; header_letter_spacing=&#8221;2px&#8221; header_line_height=&#8221;1.3em&#8221; custom_margin=&#8221;-22px||||false|false&#8221; header_font_size_tablet=&#8221;&#8221; header_font_size_phone=&#8221;13px&#8221; header_font_size_last_edited=&#8221;on|phone&#8221; global_colors_info=&#8221;{}&#8221;]<\/p>\n<h1>\u2022TRELEW <br \/>\u2022COMODORO RIVADAVIA<\/h1>\n<p>[\/et_pb_text][et_pb_text _builder_version=&#8221;4.22.1&#8243; text_font=&#8221;Nunito||||||||&#8221; text_font_size=&#8221;15px&#8221; header_font=&#8221;Poppins|700|||on||||&#8221; header_text_align=&#8221;center&#8221; header_text_color=&#8221;#ffffff&#8221; header_font_size=&#8221;17px&#8221; header_letter_spacing=&#8221;2px&#8221; header_line_height=&#8221;1.3em&#8221; custom_margin=&#8221;25px||||false|false&#8221; link_option_url=&#8221;wa.link\/tsw8ji&#8221; link_option_url_new_window=&#8221;on&#8221; header_font_size_tablet=&#8221;&#8221; header_font_size_phone=&#8221;13px&#8221; header_font_size_last_edited=&#8221;on|phone&#8221; global_colors_info=&#8221;{}&#8221;]<\/p>\n<h1>BOLIVIA<\/h1>\n<p>[\/et_pb_text][et_pb_icon font_icon=&#8221;&#xe023;||divi||400&#8243; icon_color=&#8221;#FFFFFF&#8221; icon_width=&#8221;31px&#8221; _builder_version=&#8221;4.22.1&#8243; _module_preset=&#8221;default&#8221; custom_margin=&#8221;-24px||||false|false&#8221; global_colors_info=&#8221;{}&#8221;][\/et_pb_icon][et_pb_text _builder_version=&#8221;4.20.2&#8243; text_font=&#8221;Nunito||||||||&#8221; text_font_size=&#8221;15px&#8221; header_font=&#8221;Poppins|500|||||||&#8221; header_text_align=&#8221;center&#8221; header_text_color=&#8221;#ffffff&#8221; header_font_size=&#8221;14px&#8221; header_letter_spacing=&#8221;2px&#8221; header_line_height=&#8221;1.3em&#8221; custom_margin=&#8221;-13px||||false|false&#8221; header_font_size_tablet=&#8221;&#8221; header_font_size_phone=&#8221;13px&#8221; header_font_size_last_edited=&#8221;on|phone&#8221; global_colors_info=&#8221;{}&#8221;]<\/p>\n<h1>\u2022TARIJA<\/h1>\n<p>[\/et_pb_text][\/et_pb_column][\/et_pb_row][\/et_pb_section][et_pb_section fb_built=&#8221;1&#8243; module_id=&#8221;agenda&#8221; _builder_version=&#8221;4.23.4&#8243; _module_preset=&#8221;default&#8221; background_enable_image=&#8221;off&#8221; background_enable_pattern_style=&#8221;on&#8221; background_pattern_style=&#8221;tufted&#8221; background_pattern_color=&#8221;rgba(131,0,233,0.16)&#8221; border_width_all=&#8221;4px&#8221; border_color_all=&#8221;#8300E9&#8243; box_shadow_style=&#8221;preset1&#8243; global_colors_info=&#8221;{}&#8221;][et_pb_row _builder_version=&#8221;4.23.4&#8243; _module_preset=&#8221;default&#8221; global_colors_info=&#8221;{}&#8221;][et_pb_column type=&#8221;4_4&#8243; _builder_version=&#8221;4.23.4&#8243; _module_preset=&#8221;default&#8221; global_colors_info=&#8221;{}&#8221;][et_pb_text _builder_version=&#8221;4.23.4&#8243; text_font=&#8221;Poppins||||||||&#8221; text_font_size=&#8221;15px&#8221; text_line_height=&#8221;1em&#8221; header_font=&#8221;Poppins|900|||||||&#8221; header_text_align=&#8221;center&#8221; header_text_color=&#8221;#ffffff&#8221; header_font_size=&#8221;36px&#8221; header_line_height=&#8221;1.1em&#8221; max_width=&#8221;700px&#8221; module_alignment=&#8221;center&#8221; custom_margin=&#8221;-4px|||&#8221; header_font_size_tablet=&#8221;&#8221; header_font_size_phone=&#8221;25px&#8221; header_font_size_last_edited=&#8221;on|phone&#8221; global_colors_info=&#8221;{}&#8221;]<\/p>\n<h1><span style=\"color: #333399;\"><a href=\"https:\/\/laescueladevida.com.ar\/wp-content\/uploads\/2022\/12\/lazo.png\"><img decoding=\"async\" src=\"https:\/\/laescueladevida.com.ar\/wp-content\/uploads\/2022\/12\/lazo-300x44.png\" width=\"300\" height=\"44\" alt=\"\" class=\"wp-image-49449 alignnone size-medium\" \/><\/a>Nueva AGENDA <\/span><\/h1>\n<p>[\/et_pb_text][\/et_pb_column][\/et_pb_row][et_pb_row _builder_version=&#8221;4.27.4&#8243; _module_preset=&#8221;default&#8221; global_colors_info=&#8221;{}&#8221;][et_pb_column type=&#8221;4_4&#8243; _builder_version=&#8221;4.27.4&#8243; _module_preset=&#8221;default&#8221; global_colors_info=&#8221;{}&#8221;][et_pb_heading title=&#8221;Mayo 2025&#8243; _builder_version=&#8221;4.27.4&#8243; _module_preset=&#8221;default&#8221; title_font=&#8221;Montserrat|700|||||||&#8221; title_text_align=&#8221;center&#8221; global_colors_info=&#8221;{}&#8221;][\/et_pb_heading][\/et_pb_column][\/et_pb_row][et_pb_row column_structure=&#8221;1_2,1_2&#8243; _builder_version=&#8221;4.27.4&#8243; _module_preset=&#8221;default&#8221; background_color=&#8221;rgba(255,255,255,0.33)&#8221; background_image=&#8221;https:\/\/laescueladevida.com.ar\/wp-content\/uploads\/2025\/04\/image-1.webp&#8221; background_blend=&#8221;overlay&#8221; width=&#8221;100%&#8221; max_width=&#8221;2560px&#8221; module_alignment=&#8221;center&#8221; custom_margin=&#8221;||||false|false&#8221; custom_margin_tablet=&#8221;||||false|false&#8221; custom_margin_phone=&#8221;||||false|false&#8221; custom_margin_last_edited=&#8221;on|phone&#8221; background_color_phone=&#8221;rgba(175,102,232,0.62)&#8221; background_last_edited=&#8221;on|phone&#8221; background_enable_color_phone=&#8221;on&#8221; background_enable_image_phone=&#8221;off&#8221; background_size_phone=&#8221;initial&#8221; background_position_phone=&#8221;top_center&#8221; background_vertical_offset_phone=&#8221;-2%&#8221; border_radii=&#8221;on|25px|25px|25px|25px&#8221; global_colors_info=&#8221;{}&#8221;][et_pb_column type=&#8221;1_2&#8243; _builder_version=&#8221;4.27.4&#8243; _module_preset=&#8221;default&#8221; global_colors_info=&#8221;{}&#8221;][et_pb_blurb title=&#8221;Salto Argentino 2 y 3\/5&#8243; url=&#8221;https:\/\/wa.me\/542323341694?text=Hola%20Karina\ud83d\udc4b,%20Necesito%20un%20turno%20en%20Uruguay%20para&#8221; use_icon=&#8221;on&#8221; font_icon=&#8221;&#xf073;||fa||900&#8243; icon_color=&#8221;#8300E9&#8243; icon_placement=&#8221;left&#8221; _builder_version=&#8221;4.27.4&#8243; _module_preset=&#8221;default&#8221; header_level=&#8221;h2&#8243; header_font=&#8221;|600|||||||&#8221; header_text_color=&#8221;#000000&#8243; body_quote_border_color=&#8221;#8300E9&#8243; background_color=&#8221;rgba(255,255,255,0.9)&#8221; width=&#8221;75%&#8221; custom_margin=&#8221;|70px||50px|false|false&#8221; custom_margin_tablet=&#8221;|70px|||false|false&#8221; custom_margin_phone=&#8221;|0px||0px|false|false&#8221; custom_margin_last_edited=&#8221;on|phone&#8221; custom_padding=&#8221;24px|29px||24px|false|false&#8221; body_text_shadow_style=&#8221;preset3&#8243; body_text_shadow_color=&#8221;rgba(45,45,45,0.75)&#8221; border_radii=&#8221;on|50px|50px|50px|50px&#8221; global_colors_info=&#8221;{}&#8221;]<\/p>\n<blockquote>\n<h4>\ud83d\udc34Alma Calma<\/h4>\n<h4><strong>\u270d\ufe0fAgendate con anticipaci\u00f3n<\/strong><\/h4>\n<\/blockquote>\n<p>[\/et_pb_blurb][et_pb_blurb title=&#8221;Brandsen 4\/5&#8243; url=&#8221;https:\/\/wa.me\/542323341694?text=Hola%20Karina\ud83d\udc4b,%20Necesito%20un%20turno%20en%20Uruguay%20para&#8221; use_icon=&#8221;on&#8221; font_icon=&#8221;&#xf073;||fa||900&#8243; icon_color=&#8221;#8300E9&#8243; icon_placement=&#8221;left&#8221; _builder_version=&#8221;4.27.4&#8243; _module_preset=&#8221;default&#8221; header_level=&#8221;h2&#8243; header_font=&#8221;|600|||||||&#8221; header_text_color=&#8221;#000000&#8243; body_quote_border_color=&#8221;#8300E9&#8243; background_color=&#8221;rgba(255,255,255,0.9)&#8221; width=&#8221;75%&#8221; custom_margin=&#8221;|70px||50px|false|false&#8221; custom_margin_tablet=&#8221;|70px|||false|false&#8221; custom_margin_phone=&#8221;|0px||0px|false|false&#8221; custom_margin_last_edited=&#8221;on|phone&#8221; custom_padding=&#8221;24px|29px||24px|false|false&#8221; body_text_shadow_style=&#8221;preset3&#8243; body_text_shadow_color=&#8221;rgba(45,45,45,0.75)&#8221; border_radii=&#8221;on|50px|50px|50px|50px&#8221; global_colors_info=&#8221;{}&#8221;]<\/p>\n<blockquote>\n<h4>\ud83d\udc34Constelaciones grupales y Coaching con caballos<\/h4>\n<h4><strong>\u270d\ufe0fReserv\u00e1 tu lugar<\/strong><\/h4>\n<\/blockquote>\n<p>[\/et_pb_blurb][et_pb_blurb title=&#8221;Lanzamiento Dibujo Sist\u00e9mico 5\/5&#8243; url=&#8221;https:\/\/wa.me\/542323341694?text=Hola%20Karina\ud83d\udc4b,%20Necesito%20un%20turno%20en%20Uruguay%20para&#8221; use_icon=&#8221;on&#8221; font_icon=&#8221;&#xf073;||fa||900&#8243; icon_color=&#8221;#8300E9&#8243; icon_placement=&#8221;left&#8221; _builder_version=&#8221;4.27.4&#8243; _module_preset=&#8221;default&#8221; header_level=&#8221;h2&#8243; header_font=&#8221;|600|||||||&#8221; header_text_color=&#8221;#000000&#8243; body_quote_border_color=&#8221;#8300E9&#8243; background_color=&#8221;rgba(255,255,255,0.9)&#8221; width=&#8221;75%&#8221; custom_margin=&#8221;|70px||50px|false|false&#8221; custom_margin_tablet=&#8221;|70px|||false|false&#8221; custom_margin_phone=&#8221;|0px||0px|false|false&#8221; custom_margin_last_edited=&#8221;on|phone&#8221; custom_padding=&#8221;24px|29px||24px|false|false&#8221; link_option_url=&#8221;https:\/\/wa.me\/542323341694?text=Hola%20Karina\ud83d\udc4b,%20Necesito%20un%20turno%20en%20Uruguay%20para&#8221; body_text_shadow_style=&#8221;preset3&#8243; body_text_shadow_color=&#8221;rgba(45,45,45,0.75)&#8221; border_radii=&#8221;on|50px|50px|50px|50px&#8221; global_colors_info=&#8221;{}&#8221;]<\/p>\n<blockquote>\n<h4>\ud83d\ude80 No te podes perder este lanzamiento Online<\/h4>\n<h4><strong><span>\u00bf<\/span>Ya te inscribiste?<\/strong><strong><span>\ud83d\udc4f<\/span><\/strong><strong><span>\ud83d\udc4f<\/span><\/strong><strong><span>\ud83d\udc4f<\/span><\/strong><\/h4>\n<\/blockquote>\n<p>[\/et_pb_blurb][et_pb_blurb title=&#8221;Sesiones Online 6\/5&#8243; url=&#8221;https:\/\/wa.me\/542323341694?text=Hola%20Karina\ud83d\udc4b,%20Necesito%20un%20turno%20para&#8221; use_icon=&#8221;on&#8221; font_icon=&#8221;&#xf073;||fa||900&#8243; icon_color=&#8221;#8300E9&#8243; icon_placement=&#8221;left&#8221; _builder_version=&#8221;4.27.4&#8243; _module_preset=&#8221;default&#8221; header_level=&#8221;h2&#8243; header_font=&#8221;|600|||||||&#8221; header_text_color=&#8221;#000000&#8243; body_quote_border_color=&#8221;#8300E9&#8243; background_color=&#8221;rgba(255,255,255,0.9)&#8221; width=&#8221;75%&#8221; custom_margin=&#8221;|70px||50px|false|false&#8221; custom_margin_tablet=&#8221;|70px|||false|false&#8221; custom_margin_phone=&#8221;|0px||0px|false|false&#8221; custom_margin_last_edited=&#8221;on|phone&#8221; custom_padding=&#8221;24px|29px||24px|false|false&#8221; link_option_url=&#8221;https:\/\/wa.me\/542323341694?text=Hola%20Karina\ud83d\udc4b,%20Necesito%20un%20turno%20para&#8221; body_text_shadow_style=&#8221;preset3&#8243; body_text_shadow_color=&#8221;rgba(45,45,45,0.75)&#8221; border_radii=&#8221;on|50px|50px|50px|50px&#8221; global_colors_info=&#8221;{}&#8221;]<\/p>\n<blockquote>\n<h4>\ud83d\ude36\u200d\ud83c\udf2b\ufe0f Decodificaci\u00f3n biol\u00f3gica<\/h4>\n<h4>\ud83d\udc68\u200d\ud83d\udc69\u200d\ud83d\udc67\u200d\ud83d\udc66 Constelaciones individuales<\/h4>\n<h4>\ud83c\udf33 Terapia transgeneracional<\/h4>\n<h4>\ud83e\udeac Tarot<\/h4>\n<h4>\ud83d\udd2f P\u00e9ndulo Hebreo<\/h4>\n<h4>\ud83d\udd49\ufe0fRadiestesia<\/h4>\n<h4><strong>\u2705No te quedes sin tu sesi\u00f3n!!!<\/strong><\/h4>\n<\/blockquote>\n<p>[\/et_pb_blurb][et_pb_blurb title=&#8221;General Rodr\u00edguez 7\/5&#8243; url=&#8221;https:\/\/wa.me\/542323341694?text=Hola%20Karina\ud83d\udc4b,%20Necesito%20un%20turno%20en%20Uruguay%20para&#8221; use_icon=&#8221;on&#8221; font_icon=&#8221;&#xf073;||fa||900&#8243; icon_color=&#8221;#8300E9&#8243; icon_placement=&#8221;left&#8221; _builder_version=&#8221;4.27.4&#8243; _module_preset=&#8221;default&#8221; header_level=&#8221;h2&#8243; header_font=&#8221;|600|||||||&#8221; header_text_color=&#8221;#000000&#8243; body_quote_border_color=&#8221;#8300E9&#8243; background_color=&#8221;rgba(255,255,255,0.9)&#8221; width=&#8221;75%&#8221; custom_margin=&#8221;|70px||50px|false|false&#8221; custom_margin_tablet=&#8221;|70px|||false|false&#8221; custom_margin_phone=&#8221;|0px||0px|false|false&#8221; custom_margin_last_edited=&#8221;on|phone&#8221; custom_padding=&#8221;24px|29px||24px|false|false&#8221; hover_enabled=&#8221;0&#8243; body_text_shadow_style=&#8221;preset3&#8243; body_text_shadow_color=&#8221;rgba(45,45,45,0.75)&#8221; border_radii=&#8221;on|50px|50px|50px|50px&#8221; global_colors_info=&#8221;{}&#8221; sticky_enabled=&#8221;0&#8243;]<\/p>\n<blockquote>\n<h4><span>\ud83e\uddf7 <\/span>Banda g\u00e1strica virtual para bajar de peso<\/h4>\n<h4>\ud83d\udc68\u200d\ud83d\udc69\u200d\ud83d\udc67\u200d\ud83d\udc66 Constelaciones individuales<\/h4>\n<h4>\ud83d\ude28Psico-genealog\u00eda resolver ataques p\u00e1nico, fobias, etc.<\/h4>\n<h4>\ud83c\udf33 Terapia transgeneracional (identificar herencias, lealtades\u00a0 y mandatos familiares)<\/h4>\n<h4>\ud83d\udd11 Biodecodificaci\u00f3n (identificar el origen de la enfermedad)<\/h4>\n<h4>\ud83e\uddeb Memoria Celular<\/h4>\n<h4>\ud83e\udeac Lectura de Tarot<\/h4>\n<h4><strong>\u270d\ufe0fAgendate con anticipaci\u00f3n<\/strong><\/h4>\n<\/blockquote>\n<p>[\/et_pb_blurb][et_pb_blurb title=&#8221;Luj\u00e1n 8\/5&#8243; url=&#8221;https:\/\/wa.me\/542323341694?text=Hola%20Karina\ud83d\udc4b,%20Necesito%20un%20turno%20en%20Uruguay%20para&#8221; use_icon=&#8221;on&#8221; font_icon=&#8221;&#xf073;||fa||900&#8243; icon_color=&#8221;#8300E9&#8243; icon_placement=&#8221;left&#8221; _builder_version=&#8221;4.27.4&#8243; _module_preset=&#8221;default&#8221; header_level=&#8221;h2&#8243; header_font=&#8221;|600|||||||&#8221; header_text_color=&#8221;#000000&#8243; body_quote_border_color=&#8221;#8300E9&#8243; background_color=&#8221;rgba(255,255,255,0.9)&#8221; width=&#8221;75%&#8221; custom_margin=&#8221;|70px||50px|false|false&#8221; custom_margin_tablet=&#8221;|70px|||false|false&#8221; custom_margin_phone=&#8221;|0px||0px|false|false&#8221; custom_margin_last_edited=&#8221;on|phone&#8221; custom_padding=&#8221;24px|29px||24px|false|false&#8221; link_option_url=&#8221;https:\/\/wa.me\/542323341694?text=Hola%20Karina\ud83d\udc4b,%20Necesito%20un%20turno%20en%20Uruguay%20para&#8221; body_text_shadow_style=&#8221;preset3&#8243; body_text_shadow_color=&#8221;rgba(45,45,45,0.75)&#8221; border_radii=&#8221;on|50px|50px|50px|50px&#8221; global_colors_info=&#8221;{}&#8221;]<\/p>\n<blockquote>\n<h4>\ud83d\ude36\u200d\ud83c\udf2b\ufe0f Decodificaci\u00f3n biol\u00f3gica<\/h4>\n<h4>\ud83d\udc68\u200d\ud83d\udc69\u200d\ud83d\udc67\u200d\ud83d\udc66 Constelaciones individuales<\/h4>\n<h4>\ud83c\udf33 Terapia transgeneracional<\/h4>\n<h4>\ud83e\udeac Tarot<\/h4>\n<h4>\ud83d\udd2f P\u00e9ndulo Hebreo<\/h4>\n<h4>\ud83d\udd49\ufe0fRadiestesia<\/h4>\n<h4><strong>\u2705Pocos turnos disponibles!!!<\/strong><strong><\/strong><\/h4>\n<\/blockquote>\n<p>[\/et_pb_blurb][et_pb_blurb title=&#8221;Uruguay 10\/5&#8243; url=&#8221;https:\/\/wa.me\/542323341694?text=Hola%20Karina\ud83d\udc4b,%20Necesito%20un%20turno%20en%20Uruguay%20para&#8221; use_icon=&#8221;on&#8221; font_icon=&#8221;&#xf073;||fa||900&#8243; icon_color=&#8221;#8300E9&#8243; icon_placement=&#8221;left&#8221; _builder_version=&#8221;4.27.4&#8243; _module_preset=&#8221;default&#8221; header_level=&#8221;h2&#8243; header_font=&#8221;|600|||||||&#8221; header_text_color=&#8221;#000000&#8243; body_quote_border_color=&#8221;#8300E9&#8243; background_color=&#8221;rgba(255,255,255,0.9)&#8221; width=&#8221;75%&#8221; custom_margin=&#8221;|70px||50px|false|false&#8221; custom_margin_tablet=&#8221;|70px|||false|false&#8221; custom_margin_phone=&#8221;|0px||0px|false|false&#8221; custom_margin_last_edited=&#8221;on|phone&#8221; custom_padding=&#8221;24px|29px||24px|false|false&#8221; link_option_url=&#8221;https:\/\/wa.me\/542323341694?text=Hola%20Karina\ud83d\udc4b,%20Necesito%20un%20turno%20en%20Uruguay%20para&#8221; body_text_shadow_style=&#8221;preset3&#8243; body_text_shadow_color=&#8221;rgba(45,45,45,0.75)&#8221; border_radii=&#8221;on|50px|50px|50px|50px&#8221; global_colors_info=&#8221;{}&#8221;]<\/p>\n<blockquote>\n<h4>\ud83e\udeac Tarot Lenormand<\/h4>\n<h4><strong>\u270d\ufe0f\u00bfYa te anotaste?<\/strong><\/h4>\n<\/blockquote>\n<p>[\/et_pb_blurb][\/et_pb_column][et_pb_column type=&#8221;1_2&#8243; _builder_version=&#8221;4.27.4&#8243; _module_preset=&#8221;default&#8221; global_colors_info=&#8221;{}&#8221;][et_pb_blurb title=&#8221;Uruguay 11\/5&#8243; url=&#8221;https:\/\/wa.me\/542323341694?text=Hola%20Karina\ud83d\udc4b,%20Necesito%20un%20turno%20en%20Uruguay%20para&#8221; use_icon=&#8221;on&#8221; font_icon=&#8221;&#xf073;||fa||900&#8243; icon_color=&#8221;#8300E9&#8243; icon_placement=&#8221;left&#8221; _builder_version=&#8221;4.27.4&#8243; _module_preset=&#8221;default&#8221; header_level=&#8221;h2&#8243; header_font=&#8221;|600|||||||&#8221; header_text_color=&#8221;#000000&#8243; body_quote_border_color=&#8221;#8300E9&#8243; background_color=&#8221;rgba(255,255,255,0.9)&#8221; width=&#8221;75%&#8221; custom_margin=&#8221;|||155px|false|false&#8221; custom_margin_tablet=&#8221;|||65px|false|false&#8221; custom_margin_phone=&#8221;|||0px|false|false&#8221; custom_margin_last_edited=&#8221;on|phone&#8221; custom_padding=&#8221;24px|||24px|false|false&#8221; link_option_url=&#8221;https:\/\/wa.me\/542323341694?text=Hola%20Karina\ud83d\udc4b,%20Necesito%20un%20turno%20en%20Uruguay%20para&#8221; body_text_shadow_style=&#8221;preset3&#8243; body_text_shadow_color=&#8221;rgba(45,45,45,0.75)&#8221; border_radii=&#8221;on|50px|50px|50px|50px&#8221; global_colors_info=&#8221;{}&#8221;]<\/p>\n<blockquote>\n<h4>\ud83d\udc0eConstelaci\u00f3n con caballos<\/h4>\n<p>\ud83d\udece\ufe0fEstancia &#8220;Don Nicolas&#8221;<\/p>\n<h4><strong>\ud83d\udcdd\u00a1\u00a1\u00a1Cupos limitados!!!<\/strong><\/h4>\n<\/blockquote>\n<p>[\/et_pb_blurb][et_pb_blurb title=&#8221;Turnos Uruguay 12 al 16\/5&#8243; url=&#8221;https:\/\/wa.me\/542323341694?text=Hola%20Karina\ud83d\udc4b,%20Necesito%20un%20turno%20para&#8221; use_icon=&#8221;on&#8221; font_icon=&#8221;&#xf073;||fa||900&#8243; icon_color=&#8221;#8300E9&#8243; icon_placement=&#8221;left&#8221; _builder_version=&#8221;4.27.4&#8243; _module_preset=&#8221;default&#8221; header_level=&#8221;h2&#8243; header_font=&#8221;|600|||||||&#8221; header_text_color=&#8221;#000000&#8243; body_quote_border_color=&#8221;#8300E9&#8243; background_color=&#8221;rgba(255,255,255,0.9)&#8221; width=&#8221;75%&#8221; custom_margin=&#8221;|||155px|false|false&#8221; custom_margin_tablet=&#8221;|||65px|false|false&#8221; custom_margin_phone=&#8221;|||0px|false|false&#8221; custom_margin_last_edited=&#8221;on|phone&#8221; custom_padding=&#8221;24px|||24px|false|false&#8221; link_option_url=&#8221;https:\/\/wa.me\/542323341694?text=Hola%20Karina\ud83d\udc4b,%20Necesito%20un%20turno%20para&#8221; body_text_shadow_style=&#8221;preset3&#8243; body_text_shadow_color=&#8221;rgba(45,45,45,0.75)&#8221; border_radii=&#8221;on|50px|50px|50px|50px&#8221; global_colors_info=&#8221;{}&#8221;]<\/p>\n<blockquote>\n<h4>\ud83d\ude36\u200d\ud83c\udf2b\ufe0f Decodificaci\u00f3n biol\u00f3gica<\/h4>\n<h4>\ud83d\udc68\u200d\ud83d\udc69\u200d\ud83d\udc67\u200d\ud83d\udc66 Constelaciones individuales<\/h4>\n<h4>\ud83c\udf33 Terapia transgeneracional<\/h4>\n<h4>\ud83e\udeac Tarot<\/h4>\n<h4>\ud83d\udd2f P\u00e9ndulo Hebreo<\/h4>\n<h4>\ud83d\udd49\ufe0fRadiestesia<\/h4>\n<h4><strong>\u2705No te quedes sin tu sesi\u00f3n!!!<\/strong><\/h4>\n<\/blockquote>\n<p>[\/et_pb_blurb][et_pb_blurb title=&#8221;Serranita Uruguay 17\/5&#8243; url=&#8221;https:\/\/wa.me\/542323341694?text=Hola%20Karina\ud83d\udc4b,%20Necesito%20un%20turno%20en%20Uruguay%20para&#8221; use_icon=&#8221;on&#8221; font_icon=&#8221;&#xf073;||fa||900&#8243; icon_color=&#8221;#8300E9&#8243; icon_placement=&#8221;left&#8221; _builder_version=&#8221;4.27.4&#8243; _module_preset=&#8221;default&#8221; header_level=&#8221;h2&#8243; header_font=&#8221;|600|||||||&#8221; header_text_color=&#8221;#000000&#8243; body_quote_border_color=&#8221;#8300E9&#8243; background_color=&#8221;rgba(255,255,255,0.9)&#8221; width=&#8221;75%&#8221; custom_margin=&#8221;|||155px|false|false&#8221; custom_margin_tablet=&#8221;|||65px|false|false&#8221; custom_margin_phone=&#8221;|||0px|false|false&#8221; custom_margin_last_edited=&#8221;on|phone&#8221; custom_padding=&#8221;24px|||24px|false|false&#8221; link_option_url=&#8221;https:\/\/wa.me\/542323341694?text=Hola%20Karina\ud83d\udc4b,%20Necesito%20un%20turno%20en%20Uruguay%20para&#8221; body_text_shadow_style=&#8221;preset3&#8243; body_text_shadow_color=&#8221;rgba(45,45,45,0.75)&#8221; border_radii=&#8221;on|50px|50px|50px|50px&#8221; global_colors_info=&#8221;{}&#8221;]<\/p>\n<blockquote>\n<h4>\ud83d\udc0eConstelaci\u00f3n con caballos<\/h4>\n<h4><strong>\ud83d\udcdd\u00a1\u00a1\u00a1Cupos limitados!!!<\/strong><\/h4>\n<\/blockquote>\n<p>[\/et_pb_blurb][et_pb_blurb title=&#8221;Sesiones Online 21\/5&#8243; url=&#8221;https:\/\/wa.me\/542323341694?text=Hola%20Karina\ud83d\udc4b,%20Necesito%20un%20turno%20en%20Uruguay%20para&#8221; use_icon=&#8221;on&#8221; font_icon=&#8221;&#xf073;||fa||900&#8243; icon_color=&#8221;#8300E9&#8243; icon_placement=&#8221;left&#8221; _builder_version=&#8221;4.27.4&#8243; _module_preset=&#8221;default&#8221; header_level=&#8221;h2&#8243; header_font=&#8221;|600|||||||&#8221; header_text_color=&#8221;#000000&#8243; body_quote_border_color=&#8221;#8300E9&#8243; background_color=&#8221;rgba(255,255,255,0.9)&#8221; width=&#8221;75%&#8221; custom_margin=&#8221;|||155px|false|false&#8221; custom_margin_tablet=&#8221;|||65px|false|false&#8221; custom_margin_phone=&#8221;|||0px|false|false&#8221; custom_margin_last_edited=&#8221;on|phone&#8221; custom_padding=&#8221;24px|||24px|false|false&#8221; body_text_shadow_style=&#8221;preset3&#8243; body_text_shadow_color=&#8221;rgba(45,45,45,0.75)&#8221; border_radii=&#8221;on|50px|50px|50px|50px&#8221; global_colors_info=&#8221;{}&#8221;]<\/p>\n<blockquote>\n<h4>\ud83d\ude36\u200d\ud83c\udf2b\ufe0f Decodificaci\u00f3n biol\u00f3gica<\/h4>\n<h4>\ud83d\udc68\u200d\ud83d\udc69\u200d\ud83d\udc67\u200d\ud83d\udc66 Constelaciones individuales<\/h4>\n<h4>\ud83c\udf33 Terapia transgeneracional<\/h4>\n<h4>\ud83e\udeac Tarot<\/h4>\n<h4>\ud83d\udd2f P\u00e9ndulo Hebreo<\/h4>\n<h4>\ud83d\udd49\ufe0fRadiestesia<\/h4>\n<h4><strong>\u270d\ufe0fAgendate con anticipaci\u00f3n<\/strong><\/h4>\n<\/blockquote>\n<p>[\/et_pb_blurb][et_pb_blurb title=&#8221;Luj\u00e1n 22\/5&#8243; url=&#8221;https:\/\/wa.me\/542323341694?text=Hola%20Karina\ud83d\udc4b,%20Necesito%20un%20turno%20en%20Uruguay%20para&#8221; use_icon=&#8221;on&#8221; font_icon=&#8221;&#xf073;||fa||900&#8243; icon_color=&#8221;#8300E9&#8243; icon_placement=&#8221;left&#8221; _builder_version=&#8221;4.27.4&#8243; _module_preset=&#8221;default&#8221; header_level=&#8221;h2&#8243; header_font=&#8221;|600|||||||&#8221; header_text_color=&#8221;#000000&#8243; body_quote_border_color=&#8221;#8300E9&#8243; background_color=&#8221;rgba(255,255,255,0.9)&#8221; width=&#8221;75%&#8221; custom_margin=&#8221;|||155px|false|false&#8221; custom_margin_tablet=&#8221;|||65px|false|false&#8221; custom_margin_phone=&#8221;|||0px|false|false&#8221; custom_margin_last_edited=&#8221;on|phone&#8221; custom_padding=&#8221;24px|||24px|false|false&#8221; link_option_url=&#8221;https:\/\/wa.me\/542323341694?text=Hola%20Karina\ud83d\udc4b,%20Necesito%20un%20turno%20en%20Uruguay%20para&#8221; body_text_shadow_style=&#8221;preset3&#8243; body_text_shadow_color=&#8221;rgba(45,45,45,0.75)&#8221; border_radii=&#8221;on|50px|50px|50px|50px&#8221; global_colors_info=&#8221;{}&#8221;]<\/p>\n<blockquote>\n<h4>\ud83d\ude36\u200d\ud83c\udf2b\ufe0f Decodificaci\u00f3n biol\u00f3gica<\/h4>\n<h4>\ud83d\udc68\u200d\ud83d\udc69\u200d\ud83d\udc67\u200d\ud83d\udc66 Constelaciones individuales<\/h4>\n<h4>\ud83c\udf33 Terapia transgeneracional<\/h4>\n<h4>\ud83e\udeac Tarot<\/h4>\n<h4>\ud83d\udd2f P\u00e9ndulo Hebreo<\/h4>\n<h4>\ud83d\udd49\ufe0fRadiestesia<\/h4>\n<h4><strong>\u2705Pocos turnos disponibles!!!<\/strong><strong><\/strong><\/h4>\n<\/blockquote>\n<p>[\/et_pb_blurb][et_pb_blurb title=&#8221;Villa Ruiz BsAs 25\/5&#8243; url=&#8221;https:\/\/wa.me\/542323341694?text=Hola%20Karina\ud83d\udc4b,%20Necesito%20un%20turno%20en%20Uruguay%20para&#8221; use_icon=&#8221;on&#8221; font_icon=&#8221;&#xf073;||fa||900&#8243; icon_color=&#8221;#8300E9&#8243; icon_placement=&#8221;left&#8221; _builder_version=&#8221;4.27.4&#8243; _module_preset=&#8221;default&#8221; header_level=&#8221;h2&#8243; header_font=&#8221;|600|||||||&#8221; header_text_color=&#8221;#000000&#8243; body_quote_border_color=&#8221;#8300E9&#8243; background_color=&#8221;rgba(255,255,255,0.9)&#8221; width=&#8221;75%&#8221; custom_margin=&#8221;|||155px|false|false&#8221; custom_margin_tablet=&#8221;|||65px|false|false&#8221; custom_margin_phone=&#8221;|||0px|false|false&#8221; custom_margin_last_edited=&#8221;on|phone&#8221; custom_padding=&#8221;24px|||24px|false|false&#8221; link_option_url=&#8221;https:\/\/wa.me\/542323341694?text=Hola%20Karina\ud83d\udc4b,%20Necesito%20un%20turno%20en%20Uruguay%20para&#8221; body_text_shadow_style=&#8221;preset3&#8243; body_text_shadow_color=&#8221;rgba(45,45,45,0.75)&#8221; border_radii=&#8221;on|50px|50px|50px|50px&#8221; global_colors_info=&#8221;{}&#8221;]<\/p>\n<blockquote>\n<h4>\ud83d\udc34Retiro de caballos<\/h4>\n<h4><strong>\ud83d\udcdd\u00a1\u00a1\u00a1Cupos limitados!!!<\/strong><\/h4>\n<\/blockquote>\n<p>[\/et_pb_blurb][et_pb_blurb title=&#8221;M\u00e9xico 30\/5 al 1\/6&#8243; url=&#8221;https:\/\/wa.me\/542323341694?text=Hola%20Karina\ud83d\udc4b,%20Necesito%20un%20turno%20en%20Uruguay%20para&#8221; use_icon=&#8221;on&#8221; font_icon=&#8221;&#xf073;||fa||900&#8243; icon_color=&#8221;#8300E9&#8243; icon_placement=&#8221;left&#8221; _builder_version=&#8221;4.27.4&#8243; _module_preset=&#8221;default&#8221; header_level=&#8221;h2&#8243; header_font=&#8221;|600|||||||&#8221; header_text_color=&#8221;#000000&#8243; body_quote_border_color=&#8221;#8300E9&#8243; background_color=&#8221;rgba(255,255,255,0.9)&#8221; width=&#8221;75%&#8221; custom_margin=&#8221;|||155px|false|false&#8221; custom_margin_tablet=&#8221;|||65px|false|false&#8221; custom_margin_phone=&#8221;|||0px|false|false&#8221; custom_margin_last_edited=&#8221;on|phone&#8221; custom_padding=&#8221;24px|||24px|false|false&#8221; body_text_shadow_style=&#8221;preset3&#8243; body_text_shadow_color=&#8221;rgba(45,45,45,0.75)&#8221; border_radii=&#8221;on|50px|50px|50px|50px&#8221; global_colors_info=&#8221;{}&#8221;]<\/p>\n<blockquote>\n<h4>\ud83c\udf93Formaci\u00f3n Transgeneracional Biosalud<\/h4>\n<\/blockquote>\n<p>[\/et_pb_blurb][\/et_pb_column][\/et_pb_row][et_pb_row _builder_version=&#8221;4.27.4&#8243; _module_preset=&#8221;default&#8221; global_colors_info=&#8221;{}&#8221;][et_pb_column type=&#8221;4_4&#8243; _builder_version=&#8221;4.27.4&#8243; _module_preset=&#8221;default&#8221; global_colors_info=&#8221;{}&#8221;][et_pb_heading title=&#8221;Abril 2025&#8243; _builder_version=&#8221;4.27.4&#8243; _module_preset=&#8221;default&#8221; title_font=&#8221;Montserrat|700|||||||&#8221; title_text_align=&#8221;center&#8221; global_colors_info=&#8221;{}&#8221;][\/et_pb_heading][\/et_pb_column][\/et_pb_row][et_pb_row column_structure=&#8221;1_2,1_2&#8243; _builder_version=&#8221;4.27.4&#8243; _module_preset=&#8221;default&#8221; background_image=&#8221;https:\/\/laescueladevida.com.ar\/wp-content\/uploads\/2025\/03\/Agenda-Kari-Abril-jpg-1.webp&#8221; parallax=&#8221;on&#8221; width=&#8221;100%&#8221; max_width=&#8221;2560px&#8221; module_alignment=&#8221;center&#8221; custom_margin=&#8221;||||false|false&#8221; custom_margin_tablet=&#8221;||||false|false&#8221; custom_margin_phone=&#8221;||||false|false&#8221; custom_margin_last_edited=&#8221;on|phone&#8221; background_color_phone=&#8221;rgba(175,102,232,0.62)&#8221; background_last_edited=&#8221;on|phone&#8221; background_enable_color_phone=&#8221;on&#8221; background_enable_image_phone=&#8221;off&#8221; background_size_phone=&#8221;initial&#8221; background_position_phone=&#8221;top_center&#8221; background_vertical_offset_phone=&#8221;-2%&#8221; border_radii=&#8221;on|25px|25px|25px|25px&#8221; global_colors_info=&#8221;{}&#8221;][et_pb_column type=&#8221;1_2&#8243; _builder_version=&#8221;4.27.4&#8243; _module_preset=&#8221;default&#8221; global_colors_info=&#8221;{}&#8221;][et_pb_blurb title=&#8221;Constelaci\u00f3n Chacra Ra\u00edces 02\/04&#8243; url=&#8221;https:\/\/wa.me\/542323341694?text=Hola%20Karina\ud83d\udc4b,%20Necesito%20un%20turno%20en%20Uruguay%20para&#8221; use_icon=&#8221;on&#8221; font_icon=&#8221;&#xf073;||fa||900&#8243; icon_color=&#8221;#8300E9&#8243; icon_placement=&#8221;left&#8221; _builder_version=&#8221;4.27.4&#8243; _module_preset=&#8221;default&#8221; header_level=&#8221;h2&#8243; header_font=&#8221;|600|||||||&#8221; header_text_color=&#8221;#000000&#8243; body_quote_border_color=&#8221;#8300E9&#8243; background_color=&#8221;rgba(255,255,255,0.9)&#8221; width=&#8221;75%&#8221; custom_margin=&#8221;|70px||50px|false|false&#8221; custom_margin_tablet=&#8221;|70px|||false|false&#8221; custom_margin_phone=&#8221;|0px||0px|false|false&#8221; custom_margin_last_edited=&#8221;on|phone&#8221; custom_padding=&#8221;24px|29px||24px|false|false&#8221; body_text_shadow_style=&#8221;preset3&#8243; body_text_shadow_color=&#8221;rgba(45,45,45,0.75)&#8221; border_radii=&#8221;on|50px|50px|50px|50px&#8221; global_colors_info=&#8221;{}&#8221;]<\/p>\n<blockquote>\n<h4>\ud83d\udc34Cosntelaci\u00f3n con caballos<\/h4>\n<h4><strong>\u270d\ufe0fAgendate con anticipaci\u00f3n<\/strong><\/h4>\n<\/blockquote>\n<p>[\/et_pb_blurb][et_pb_blurb title=&#8221;Salto del 03 al 05\/04&#8243; url=&#8221;https:\/\/wa.me\/542323341694?text=Hola%20Karina\ud83d\udc4b,%20Necesito%20un%20turno%20para&#8221; use_icon=&#8221;on&#8221; font_icon=&#8221;&#xf073;||fa||900&#8243; icon_color=&#8221;#8300E9&#8243; icon_placement=&#8221;left&#8221; _builder_version=&#8221;4.27.4&#8243; _module_preset=&#8221;default&#8221; header_level=&#8221;h2&#8243; header_font=&#8221;|600|||||||&#8221; header_text_color=&#8221;#000000&#8243; body_quote_border_color=&#8221;#8300E9&#8243; background_color=&#8221;rgba(255,255,255,0.9)&#8221; width=&#8221;75%&#8221; custom_margin=&#8221;|70px||50px|false|false&#8221; custom_margin_tablet=&#8221;|70px|||false|false&#8221; custom_margin_phone=&#8221;|0px||0px|false|false&#8221; custom_margin_last_edited=&#8221;on|phone&#8221; custom_padding=&#8221;24px|29px||24px|false|false&#8221; link_option_url=&#8221;https:\/\/wa.me\/542323341694?text=Hola%20Karina\ud83d\udc4b,%20Necesito%20un%20turno%20para&#8221; body_text_shadow_style=&#8221;preset3&#8243; body_text_shadow_color=&#8221;rgba(45,45,45,0.75)&#8221; border_radii=&#8221;on|50px|50px|50px|50px&#8221; global_colors_info=&#8221;{}&#8221;]<\/p>\n<blockquote>\n<h4>\ud83d\ude36\u200d\ud83c\udf2b\ufe0f Decodificaci\u00f3n biol\u00f3gica<\/h4>\n<h4>\ud83d\udc68\u200d\ud83d\udc69\u200d\ud83d\udc67\u200d\ud83d\udc66 Constelaciones individuales<\/h4>\n<h4>\ud83c\udf33 Terapia transgeneracional<\/h4>\n<h4>\ud83e\udeac Tarot<\/h4>\n<h4>\ud83d\udd2f P\u00e9ndulo Hebreo<\/h4>\n<h4>\ud83d\udd49\ufe0fRadiestesia<\/h4>\n<h4><strong>\u2705No te quedes sin tu sesi\u00f3n!!!<\/strong><\/h4>\n<\/blockquote>\n<p>[\/et_pb_blurb][et_pb_blurb title=&#8221;05\/04 Sanaci\u00f3n del Linaje Masculino&#8221; url=&#8221;https:\/\/wa.me\/542323341694?text=Hola%20Karina\ud83d\udc4b,%20Necesito%20un%20turno%20en%20Uruguay%20para&#8221; use_icon=&#8221;on&#8221; font_icon=&#8221;&#xf073;||fa||900&#8243; icon_color=&#8221;#8300E9&#8243; icon_placement=&#8221;left&#8221; _builder_version=&#8221;4.27.4&#8243; _module_preset=&#8221;default&#8221; header_level=&#8221;h2&#8243; header_font=&#8221;|600|||||||&#8221; header_text_color=&#8221;#000000&#8243; body_quote_border_color=&#8221;#8300E9&#8243; background_color=&#8221;rgba(255,255,255,0.9)&#8221; width=&#8221;75%&#8221; custom_margin=&#8221;|70px||50px|false|false&#8221; custom_margin_tablet=&#8221;|70px|||false|false&#8221; custom_margin_phone=&#8221;|0px||0px|false|false&#8221; custom_margin_last_edited=&#8221;on|phone&#8221; custom_padding=&#8221;24px|29px||24px|false|false&#8221; link_option_url=&#8221;https:\/\/wa.me\/542323341694?text=Hola%20Karina\ud83d\udc4b,%20Necesito%20un%20turno%20en%20Uruguay%20para&#8221; body_text_shadow_style=&#8221;preset3&#8243; body_text_shadow_color=&#8221;rgba(45,45,45,0.75)&#8221; border_radii=&#8221;on|50px|50px|50px|50px&#8221; global_colors_info=&#8221;{}&#8221;]<\/p>\n<blockquote>\n<h4>\ud83d\udc68\u200d\ud83d\udc67\u00a0Sanemos a pap\u00e1.<\/h4>\n<p>&nbsp;<\/p>\n<h4><strong>\u270d\ufe0f\u00a1Inscribete ahora!<\/strong><\/h4>\n<\/blockquote>\n<p>[\/et_pb_blurb][et_pb_blurb title=&#8221;Luj\u00e1n 10\/04&#8243; url=&#8221;https:\/\/wa.me\/542323341694?text=Hola%20Karina\ud83d\udc4b,%20Necesito%20un%20turno%20para&#8221; use_icon=&#8221;on&#8221; font_icon=&#8221;&#xf073;||fa||900&#8243; icon_color=&#8221;#8300E9&#8243; icon_placement=&#8221;left&#8221; _builder_version=&#8221;4.27.4&#8243; _module_preset=&#8221;default&#8221; header_level=&#8221;h2&#8243; header_font=&#8221;|600|||||||&#8221; header_text_color=&#8221;#000000&#8243; body_quote_border_color=&#8221;#8300E9&#8243; background_color=&#8221;rgba(255,255,255,0.9)&#8221; width=&#8221;75%&#8221; custom_margin=&#8221;|70px||50px|false|false&#8221; custom_margin_tablet=&#8221;|70px|||false|false&#8221; custom_margin_phone=&#8221;|0px||0px|false|false&#8221; custom_margin_last_edited=&#8221;on|phone&#8221; custom_padding=&#8221;24px|29px||24px|false|false&#8221; link_option_url=&#8221;https:\/\/wa.me\/542323341694?text=Hola%20Karina\ud83d\udc4b,%20Necesito%20un%20turno%20para&#8221; body_text_shadow_style=&#8221;preset3&#8243; body_text_shadow_color=&#8221;rgba(45,45,45,0.75)&#8221; border_radii=&#8221;on|50px|50px|50px|50px&#8221; global_colors_info=&#8221;{}&#8221;]<\/p>\n<blockquote>\n<h4>\ud83d\ude36\u200d\ud83c\udf2b\ufe0f Decodificaci\u00f3n biol\u00f3gica<\/h4>\n<h4>\ud83d\udc68\u200d\ud83d\udc69\u200d\ud83d\udc67\u200d\ud83d\udc66 Constelaciones individuales<\/h4>\n<h4>\ud83c\udf33 Terapia transgeneracional<\/h4>\n<h4>\ud83e\udeac Tarot<\/h4>\n<h4>\ud83d\udd2f P\u00e9ndulo Hebreo<\/h4>\n<h4>\ud83d\udd49\ufe0fRadiestesia<\/h4>\n<h4><strong>\u2705No te quedes sin tu sesi\u00f3n!!!<\/strong><\/h4>\n<\/blockquote>\n<p>[\/et_pb_blurb][\/et_pb_column][et_pb_column type=&#8221;1_2&#8243; _builder_version=&#8221;4.27.4&#8243; _module_preset=&#8221;default&#8221; global_colors_info=&#8221;{}&#8221;][et_pb_blurb title=&#8221;Lanzamiento Transgeneracional&#8221; url=&#8221;https:\/\/wa.me\/542323341694?text=Hola%20Karina\ud83d\udc4b,%20Necesito%20un%20turno%20en%20Uruguay%20para&#8221; use_icon=&#8221;on&#8221; font_icon=&#8221;&#xf073;||fa||900&#8243; icon_color=&#8221;#8300E9&#8243; icon_placement=&#8221;left&#8221; _builder_version=&#8221;4.27.4&#8243; _module_preset=&#8221;default&#8221; header_level=&#8221;h2&#8243; header_font=&#8221;|600|||||||&#8221; header_text_color=&#8221;#000000&#8243; body_quote_border_color=&#8221;#8300E9&#8243; background_color=&#8221;rgba(255,255,255,0.9)&#8221; width=&#8221;75%&#8221; custom_margin=&#8221;|||155px|false|false&#8221; custom_margin_tablet=&#8221;|||65px|false|false&#8221; custom_margin_phone=&#8221;|||0px|false|false&#8221; custom_margin_last_edited=&#8221;on|phone&#8221; custom_padding=&#8221;24px|||24px|false|false&#8221; link_option_url=&#8221;https:\/\/wa.me\/542323341694?text=Hola%20Karina\ud83d\udc4b,%20Necesito%20un%20turno%20en%20Uruguay%20para&#8221; body_text_shadow_style=&#8221;preset3&#8243; body_text_shadow_color=&#8221;rgba(45,45,45,0.75)&#8221; border_radii=&#8221;on|50px|50px|50px|50px&#8221; global_colors_info=&#8221;{}&#8221;]<\/p>\n<blockquote>\n<h2>On-Line<\/h2>\n<h4><a href=\"https:\/\/laescueladevida.com.ar\/wp-content\/uploads\/2025\/03\/Terapia-Transgeneracional-online11.2024.pdf\">\ud83d\udce5 Descarga PDF <span style=\"text-decoration: underline;\">aqu\u00ed <\/span><\/a><\/h4>\n<h4><strong>\u270d\ufe0fNo te pierdas este lanzamiento<\/strong><\/h4>\n<\/blockquote>\n<p>[\/et_pb_blurb][et_pb_blurb title=&#8221;San Javier del 17 al 21\/04&#8243; url=&#8221;https:\/\/wa.me\/542323341694?text=Hola%20Karina\ud83d\udc4b,%20Necesito%20un%20turno%20en%20Uruguay%20para&#8221; use_icon=&#8221;on&#8221; font_icon=&#8221;&#xf073;||fa||900&#8243; icon_color=&#8221;#8300E9&#8243; icon_placement=&#8221;left&#8221; _builder_version=&#8221;4.27.4&#8243; _module_preset=&#8221;default&#8221; header_level=&#8221;h2&#8243; header_font=&#8221;|600|||||||&#8221; header_text_color=&#8221;#000000&#8243; body_quote_border_color=&#8221;#8300E9&#8243; background_color=&#8221;rgba(255,255,255,0.9)&#8221; width=&#8221;75%&#8221; custom_margin=&#8221;|||155px|false|false&#8221; custom_margin_tablet=&#8221;|||65px|false|false&#8221; custom_margin_phone=&#8221;|||0px|false|false&#8221; custom_margin_last_edited=&#8221;on|phone&#8221; custom_padding=&#8221;24px|||24px|false|false&#8221; link_option_url=&#8221;https:\/\/wa.me\/542323341694?text=Hola%20Karina\ud83d\udc4b,%20Necesito%20un%20turno%20en%20Uruguay%20para&#8221; body_text_shadow_style=&#8221;preset3&#8243; body_text_shadow_color=&#8221;rgba(45,45,45,0.75)&#8221; border_radii=&#8221;on|50px|50px|50px|50px&#8221; global_colors_info=&#8221;{}&#8221;]<\/p>\n<blockquote>\n<h4>\ud83d\ude36\u200d\ud83c\udf2b\ufe0f Decodificaci\u00f3n biol\u00f3gica<\/h4>\n<h4>\ud83d\udc68\u200d\ud83d\udc69\u200d\ud83d\udc67\u200d\ud83d\udc66 Constelaciones individuales<\/h4>\n<h4>\ud83c\udf33 Terapia transgeneracional<\/h4>\n<h4>\ud83e\udeac Tarot<\/h4>\n<h4>\ud83d\udd2f P\u00e9ndulo Hebreo<\/h4>\n<h4>\ud83d\udd49\ufe0fRadiestesia<\/h4>\n<h4><strong>\u270d\ufe0fAgenda tu turno con anticipaci\u00f3n<\/strong><br \/><strong>\u00a1\u00a1\u00a1Turnos limitados!!!<\/strong><\/h4>\n<\/blockquote>\n<p>[\/et_pb_blurb][et_pb_blurb title=&#8221;San Justo Fractal del 22 al 27\/04&#8243; url=&#8221;https:\/\/wa.me\/542323341694?text=Hola%20Karina\ud83d\udc4b,%20Necesito%20un%20turno%20en%20Uruguay%20para&#8221; use_icon=&#8221;on&#8221; font_icon=&#8221;&#xf073;||fa||900&#8243; icon_color=&#8221;#8300E9&#8243; icon_placement=&#8221;left&#8221; _builder_version=&#8221;4.27.4&#8243; _module_preset=&#8221;default&#8221; header_level=&#8221;h2&#8243; header_font=&#8221;|600|||||||&#8221; header_text_color=&#8221;#000000&#8243; body_quote_border_color=&#8221;#8300E9&#8243; background_color=&#8221;rgba(255,255,255,0.9)&#8221; width=&#8221;75%&#8221; custom_margin=&#8221;|||155px|false|false&#8221; custom_margin_tablet=&#8221;|||65px|false|false&#8221; custom_margin_phone=&#8221;|||0px|false|false&#8221; custom_margin_last_edited=&#8221;on|phone&#8221; custom_padding=&#8221;24px|||24px|false|false&#8221; link_option_url=&#8221;https:\/\/wa.me\/542323341694?text=Hola%20Karina\ud83d\udc4b,%20Necesito%20un%20turno%20en%20Uruguay%20para&#8221; body_text_shadow_style=&#8221;preset3&#8243; body_text_shadow_color=&#8221;rgba(45,45,45,0.75)&#8221; border_radii=&#8221;on|50px|50px|50px|50px&#8221; global_colors_info=&#8221;{}&#8221;]<\/p>\n<blockquote>\n<h4>\ud83d\ude36\u200d\ud83c\udf2b\ufe0f Decodificaci\u00f3n biol\u00f3gica<\/h4>\n<h4>\ud83d\udc68\u200d\ud83d\udc69\u200d\ud83d\udc67\u200d\ud83d\udc66 Constelaciones individuales<\/h4>\n<h4>\ud83c\udf33 Terapia transgeneracional<\/h4>\n<h4>\ud83e\udeac Tarot<\/h4>\n<h4>\ud83d\udd2f P\u00e9ndulo Hebreo<\/h4>\n<h4>\ud83d\udd49\ufe0fRadiestesia<\/h4>\n<h4><strong>\u270d\ufe0fAgenda tu turno con anticipaci\u00f3n<\/strong><br \/><strong>\u00a1\u00a1\u00a1Turnos limitados!!!<\/strong><\/h4>\n<\/blockquote>\n<p>[\/et_pb_blurb][et_pb_blurb title=&#8221;La Huella 26\/04 y 27\/04&#8243; use_icon=&#8221;on&#8221; font_icon=&#8221;&#xf073;||fa||900&#8243; icon_color=&#8221;#8300E9&#8243; icon_placement=&#8221;left&#8221; _builder_version=&#8221;4.27.4&#8243; _module_preset=&#8221;default&#8221; header_level=&#8221;h2&#8243; header_font=&#8221;|600|||||||&#8221; header_text_color=&#8221;#000000&#8243; body_quote_border_color=&#8221;#8300E9&#8243; background_color=&#8221;rgba(255,255,255,0.9)&#8221; width=&#8221;75%&#8221; custom_margin=&#8221;|||155px|false|false&#8221; custom_margin_tablet=&#8221;|||65px|false|false&#8221; custom_margin_phone=&#8221;|||0px|false|false&#8221; custom_margin_last_edited=&#8221;on|phone&#8221; custom_padding=&#8221;24px|||24px|false|false&#8221; body_text_shadow_style=&#8221;preset3&#8243; body_text_shadow_color=&#8221;rgba(45,45,45,0.75)&#8221; border_radii=&#8221;on|50px|50px|50px|50px&#8221; global_colors_info=&#8221;{}&#8221;]<\/p>\n<blockquote>\n<h4>\ud83d\udc34Constelaci\u00f3n con caballos<\/h4>\n<h4><strong>\u2705Apurate a reservar tu lugar!!!<\/strong><\/h4>\n<\/blockquote>\n<p>[\/et_pb_blurb][\/et_pb_column][\/et_pb_row][et_pb_row _builder_version=&#8221;4.27.4&#8243; _module_preset=&#8221;default&#8221; global_colors_info=&#8221;{}&#8221;][et_pb_column type=&#8221;4_4&#8243; _builder_version=&#8221;4.27.4&#8243; _module_preset=&#8221;default&#8221; global_colors_info=&#8221;{}&#8221;][et_pb_heading title=&#8221;EVENTOS ESPECIALES&#8221; _builder_version=&#8221;4.27.4&#8243; _module_preset=&#8221;default&#8221; title_level=&#8221;h2&#8243; title_font=&#8221;|600|||||||&#8221; title_text_align=&#8221;center&#8221; title_font_size=&#8221;49px&#8221; custom_margin=&#8221;17px||||false|false&#8221; text_shadow_style=&#8221;preset2&#8243; global_colors_info=&#8221;{}&#8221;][\/et_pb_heading][\/et_pb_column][\/et_pb_row][et_pb_row _builder_version=&#8221;4.27.4&#8243; _module_preset=&#8221;default&#8221; width=&#8221;100%&#8221; module_alignment=&#8221;center&#8221; global_colors_info=&#8221;{}&#8221;][et_pb_column type=&#8221;4_4&#8243; _builder_version=&#8221;4.27.4&#8243; _module_preset=&#8221;default&#8221; global_colors_info=&#8221;{}&#8221;][et_pb_image src=&#8221;https:\/\/laescueladevida.com.ar\/wp-content\/uploads\/2025\/04\/6bf3c538044c48d9cd56cef9c8ff581bN96JRPnCij82LDq0-0-1.webp&#8221; title_text=&#8221;6bf3c538044c48d9cd56cef9c8ff581bN96JRPnCij82LDq0-0 (1)&#8221; align=&#8221;center&#8221; _builder_version=&#8221;4.27.4&#8243; _module_preset=&#8221;default&#8221; transform_scale_linked=&#8221;off&#8221; width=&#8221;29%&#8221; module_alignment=&#8221;center&#8221; border_radii=&#8221;on|20px|20px|20px|20px&#8221; global_colors_info=&#8221;{}&#8221;][\/et_pb_image][\/et_pb_column][\/et_pb_row][et_pb_row column_structure=&#8221;1_3,1_3,1_3&#8243; _builder_version=&#8221;4.27.4&#8243; _module_preset=&#8221;default&#8221; width=&#8221;100%&#8221; module_alignment=&#8221;center&#8221; global_colors_info=&#8221;{}&#8221;][et_pb_column type=&#8221;1_3&#8243; _builder_version=&#8221;4.27.4&#8243; _module_preset=&#8221;default&#8221; global_colors_info=&#8221;{}&#8221;][et_pb_image src=&#8221;https:\/\/laescueladevida.com.ar\/wp-content\/uploads\/2025\/02\/Egipto-1.webp&#8221; alt=&#8221;Viaje a Egipto con meditaci\u00f3n en pir\u00e1mide \u2013 Terapias hol\u00edsticas y sanaci\u00f3n espiritual.&#8221; title_text=&#8221; Viaje a Egipto con Meditaci\u00f3n en Pir\u00e1mide y Terapias Hol\u00edsticas.&#8221; url=&#8221;https:\/\/wa.me\/542323341694?text=Hola%20Karina\ud83d\udc4b,%20podr\u00edas%20brindarme%20m\u00e1s%20informaci\u00f3n%20sobre%20el%20viaje%20de%20transformaci\u00f3n%20a%20Egipto&#8221; url_new_window=&#8221;on&#8221; align=&#8221;center&#8221; force_fullwidth=&#8221;on&#8221; _builder_version=&#8221;4.27.4&#8243; _module_preset=&#8221;default&#8221; border_radii=&#8221;on|20px|20px|20px|20px&#8221; border_width_all=&#8221;2px&#8221; border_style_all=&#8221;none&#8221; global_colors_info=&#8221;{}&#8221;][\/et_pb_image][\/et_pb_column][et_pb_column type=&#8221;1_3&#8243; _builder_version=&#8221;4.27.4&#8243; _module_preset=&#8221;default&#8221; global_colors_info=&#8221;{}&#8221;][et_pb_image src=&#8221;https:\/\/laescueladevida.com.ar\/wp-content\/uploads\/2025\/02\/Un-seminario-titulado-Mirar-a-lo-Profundo-sugiere-un-enfoque-introspectivo-y-reflexivo-sobre-temas-d-2-1.webp&#8221; alt=&#8221;Seminario de terapia asistida con caballos: conexi\u00f3n energ\u00e9tica, transformaci\u00f3n personal y sanaci\u00f3n a trav\u00e9s del v\u00ednculo sagrado entre humanos y equinos.&#8221; title_text=&#8221;SEMINARIO MIRAR A LO PROFUNDO&#8221; url=&#8221;https:\/\/wa.me\/542323341694?text=Hola%20Karina\ud83d\udc4b,%20podr\u00edas%20brindarme%20m\u00e1s%20informaci\u00f3n%20sobre%20el%20seminario%20mirar%20a%20lo%20profundo&#8221; align=&#8221;center&#8221; force_fullwidth=&#8221;on&#8221; _builder_version=&#8221;4.27.4&#8243; _module_preset=&#8221;default&#8221; border_radii=&#8221;on|20px|20px|20px|20px&#8221; global_colors_info=&#8221;{}&#8221;][\/et_pb_image][\/et_pb_column][et_pb_column type=&#8221;1_3&#8243; _builder_version=&#8221;4.27.4&#8243; _module_preset=&#8221;default&#8221; global_colors_info=&#8221;{}&#8221;][et_pb_image src=&#8221;https:\/\/laescueladevida.com.ar\/wp-content\/uploads\/2025\/04\/Retiro-Mujeres-al-Galope.webp&#8221; title_text=&#8221;Retiro Mujeres al Galope&#8221; align=&#8221;center&#8221; force_fullwidth=&#8221;on&#8221; _builder_version=&#8221;4.27.4&#8243; _module_preset=&#8221;default&#8221; border_radii=&#8221;on|20px|20px|20px|20px&#8221; global_colors_info=&#8221;{}&#8221;][\/et_pb_image][\/et_pb_column][\/et_pb_row][\/et_pb_section][et_pb_section fb_built=&#8221;1&#8243; module_id=&#8221;talleres&#8221; _builder_version=&#8221;4.23.4&#8243; background_image=&#8221;https:\/\/laescueladevida.com.ar\/wp-content\/uploads\/2022\/12\/Sin-titulo-2.l.png&#8221; background_position=&#8221;bottom_right&#8221; custom_margin=&#8221;-47px||||false|false&#8221; custom_padding=&#8221;50px||84px||false|false&#8221; global_colors_info=&#8221;{}&#8221;][et_pb_row _builder_version=&#8221;4.23.4&#8243; custom_margin=&#8221;32px||||false|false&#8221; custom_padding=&#8221;27px|0px|18px|0px|false|false&#8221; animation_style=&#8221;fade&#8221; animation_delay=&#8221;400ms&#8221; global_colors_info=&#8221;{}&#8221;][et_pb_column type=&#8221;4_4&#8243; _builder_version=&#8221;4.16&#8243; custom_padding=&#8221;|||&#8221; global_colors_info=&#8221;{}&#8221; custom_padding__hover=&#8221;|||&#8221;][et_pb_text _builder_version=&#8221;4.20.2&#8243; header_font=&#8221;Poppins|800|||||||&#8221; header_text_color=&#8221;#a329cc&#8221; header_2_font=&#8221;||||||||&#8221; header_2_font_size=&#8221;15px&#8221; custom_margin=&#8221;-24px|||&#8221; global_colors_info=&#8221;{}&#8221;]<\/p>\n<h1 style=\"text-align: center;\">NUESTROS TALLERES<\/h1>\n<p>[\/et_pb_text][et_pb_divider color=&#8221;RGBA(255,255,255,0)&#8221; divider_weight=&#8221;11px&#8221; _builder_version=&#8221;4.19.2&#8243; background_image=&#8221;https:\/\/laescueladevida.com.ar\/wp-content\/uploads\/2022\/12\/lazo.png&#8221; max_width=&#8221;23%&#8221; module_alignment=&#8221;center&#8221; custom_margin=&#8221;-32px||24px||false|false&#8221; global_colors_info=&#8221;{}&#8221;][\/et_pb_divider][et_pb_text _builder_version=&#8221;4.23.4&#8243; text_font=&#8221;Poppins||||||||&#8221; text_text_color=&#8221;#545248&#8243; text_font_size=&#8221;15px&#8221; text_line_height=&#8221;1.8em&#8221; header_font=&#8221;||||||||&#8221; header_2_font=&#8221;||||||||&#8221; header_2_font_size=&#8221;15px&#8221; max_width=&#8221;61%&#8221; max_width_tablet=&#8221;&#8221; max_width_phone=&#8221;98%&#8221; max_width_last_edited=&#8221;on|phone&#8221; module_alignment=&#8221;center&#8221; global_colors_info=&#8221;{}&#8221;]<\/p>\n<p style=\"text-align: center;\">Adem\u00e1s de las sesiones de abordaje Psicoemocional de los s\u00edntomas, en <strong>ESCUELA DE VIDA<\/strong> ofrecemos talleres de diferentes terapias holisticas para <strong>cultivar herramientas para el camino<\/strong>.<\/p>\n<p>[\/et_pb_text][\/et_pb_column][\/et_pb_row][et_pb_row column_structure=&#8221;1_3,1_3,1_3&#8243; use_custom_gutter=&#8221;on&#8221; gutter_width=&#8221;2&#8243; _builder_version=&#8221;4.19.2&#8243; background_color=&#8221;#FFFFFF&#8221; animation_style=&#8221;fade&#8221; animation_delay=&#8221;400ms&#8221; global_colors_info=&#8221;{}&#8221;][et_pb_column type=&#8221;1_3&#8243; _builder_version=&#8221;4.19.2&#8243; custom_padding=&#8221;|||&#8221; box_shadow_style=&#8221;preset1&#8243; global_colors_info=&#8221;{}&#8221; custom_padding__hover=&#8221;|||&#8221; background__hover_enabled=&#8221;on|hover&#8221;][et_pb_blurb title=&#8221;Banda gastrica virtual&#8221; url=&#8221;https:\/\/laescueladevida.com.ar\/wp-content\/uploads\/2023\/01\/banda-gastrica-pdf.pdf&#8221; url_new_window=&#8221;on&#8221; image=&#8221;https:\/\/laescueladevida.com.ar\/wp-content\/uploads\/2022\/12\/Diseno-sin-titulo-7.png&#8221; image_icon_width=&#8221;80%&#8221; _builder_version=&#8221;4.22.1&#8243; header_font=&#8221;Poppins|700||on|||||&#8221; header_text_align=&#8221;center&#8221; header_text_color=&#8221;#a329cc&#8221; header_font_size=&#8221;20px&#8221; header_line_height=&#8221;1.5em&#8221; body_font=&#8221;Poppins|300|||||||&#8221; body_text_align=&#8221;center&#8221; body_text_color=&#8221;#000000&#8243; body_font_size=&#8221;15px&#8221; body_line_height=&#8221;1.8em&#8221; custom_padding=&#8221;38px|38px|23px|38px|false|true&#8221; link_option_url=&#8221;https:\/\/laescueladevida.com.ar\/wp-content\/uploads\/2023\/01\/banda-gastrica-pdf.pdf&#8221; link_option_url_new_window=&#8221;on&#8221; border_width_all=&#8221;1px&#8221; border_color_all=&#8221;rgba(169,113,75,0.24)&#8221; image_max_width=&#8221;80%&#8221; global_colors_info=&#8221;{}&#8221; background__hover_enabled=&#8221;on|hover&#8221; background_color__hover=&#8221;#323fd1&#8243; border_color_all__hover_enabled=&#8221;on&#8221; border_color_all__hover=&#8221;#e8985e&#8221; header_text_color__hover_enabled=&#8221;on&#8221; header_text_color__hover=&#8221;#ffffff&#8221; body_text_color__hover_enabled=&#8221;on&#8221; body_text_color__hover=&#8221;#ffffff&#8221; background_enable_color__hover=&#8221;on&#8221;]<\/p>\n<p>Este seminario marca un antes y un despu\u00e9s en tu mirada, te vas a dar cuenta por que las dietas no funcionan o porque volv\u00edas a subir lo que hab\u00edas bajado.<\/p>\n<p>&nbsp;<\/p>\n<p><a href=\"https:\/\/laescueladevida.com.ar\/wp-content\/uploads\/2022\/12\/Presentacion-BGV.pdf\"><img decoding=\"async\" src=\"https:\/\/laescueladevida.com.ar\/wp-content\/uploads\/2022\/12\/Diseno-sin-titulo-8.png\" width=\"44\" height=\"44\" alt=\"\" class=\"wp-image-49409 alignnone size-full\" srcset=\"https:\/\/laescueladevida.com.ar\/wp-content\/uploads\/2022\/12\/Diseno-sin-titulo-8.png 256w, https:\/\/laescueladevida.com.ar\/wp-content\/uploads\/2022\/12\/Diseno-sin-titulo-8-100x100.png 100w, https:\/\/laescueladevida.com.ar\/wp-content\/uploads\/2022\/12\/Diseno-sin-titulo-8-150x150.png 150w\" sizes=\"(max-width: 44px) 100vw, 44px\" \/><\/a><\/p>\n<p>[\/et_pb_blurb][et_pb_button button_url=&#8221;https:\/\/laescueladevida.com.ar\/index.php\/producto\/banda-gastrica-vistual\/&#8221; button_text=&#8221;Adquir\u00ed la Banda G\u00e1strica&#8221; button_alignment=&#8221;center&#8221; _builder_version=&#8221;4.19.5&#8243; _module_preset=&#8221;default&#8221; custom_button=&#8221;on&#8221; button_text_size=&#8221;16px&#8221; button_text_color=&#8221;#FFFFFF&#8221; button_bg_color=&#8221;#0C71C3&#8243; button_icon=&#8221;&#xe0ed;||divi||400&#8243; button_icon_color=&#8221;#FFFFFF&#8221; button_on_hover=&#8221;off&#8221; custom_padding=&#8221;|55px||46px|false|false&#8221; global_colors_info=&#8221;{}&#8221;][\/et_pb_button][et_pb_social_media_follow _builder_version=&#8221;4.19.5&#8243; _module_preset=&#8221;default&#8221; custom_button=&#8221;on&#8221; button_text_color=&#8221;#000000&#8243; button_bg_color=&#8221;#E09900&#8243; text_orientation=&#8221;center&#8221; global_colors_info=&#8221;{}&#8221;][et_pb_social_media_follow_network social_network=&#8221;facebook&#8221; url=&#8221;https:\/\/www.facebook.com\/karinabenito.escuela&#8221; _builder_version=&#8221;4.19.2&#8243; _module_preset=&#8221;default&#8221; background_color=&#8221;#3b5998&#8243; global_colors_info=&#8221;{}&#8221; follow_button=&#8221;off&#8221; url_new_window=&#8221;on&#8221;]facebook[\/et_pb_social_media_follow_network][\/et_pb_social_media_follow][\/et_pb_column][et_pb_column type=&#8221;1_3&#8243; _builder_version=&#8221;4.19.2&#8243; custom_padding=&#8221;|||&#8221; box_shadow_style=&#8221;preset1&#8243; global_colors_info=&#8221;{}&#8221; custom_padding__hover=&#8221;|||&#8221;][et_pb_blurb title=&#8221;El p\u00e9ndulo hebreo&#8221; url=&#8221;https:\/\/laescueladevida.com.ar\/wp-content\/uploads\/2023\/01\/pedulo-hebreo-pdf.pdf&#8221; url_new_window=&#8221;on&#8221; image=&#8221;https:\/\/laescueladevida.com.ar\/wp-content\/uploads\/2022\/12\/2.png&#8221; image_icon_width=&#8221;80%&#8221; _builder_version=&#8221;4.19.2&#8243; header_font=&#8221;Poppins|700||on|||||&#8221; header_text_align=&#8221;center&#8221; header_text_color=&#8221;#a329cc&#8221; header_font_size=&#8221;20px&#8221; header_line_height=&#8221;1.5em&#8221; body_font=&#8221;Poppins|300|||||||&#8221; body_text_align=&#8221;center&#8221; body_text_color=&#8221;#000000&#8243; body_font_size=&#8221;15px&#8221; body_line_height=&#8221;1.8em&#8221; custom_padding=&#8221;38px|38px|23px|38px|false|true&#8221; link_option_url=&#8221;https:\/\/laescueladevida.com.ar\/wp-content\/uploads\/2023\/01\/pedulo-hebreo-pdf.pdf&#8221; link_option_url_new_window=&#8221;on&#8221; border_width_all=&#8221;1px&#8221; border_color_all=&#8221;rgba(169,113,75,0.24)&#8221; image_max_width=&#8221;80%&#8221; global_colors_info=&#8221;{}&#8221; header_text_color__hover=&#8221;#ffffff&#8221; header_text_color__hover_enabled=&#8221;on&#8221; body_text_color__hover=&#8221;#ffffff&#8221; body_text_color__hover_enabled=&#8221;on&#8221; border_color_all__hover=&#8221;#e8985e&#8221; border_color_all__hover_enabled=&#8221;on&#8221; background_color__hover=&#8221;#323fd1&#8243; background__hover_enabled=&#8221;on|hover&#8221; background_enable_color__hover=&#8221;on&#8221;]<\/p>\n<p>Es una t\u00e9cnica de sanaci\u00f3n milenaria con la capacidad de transformar la energ\u00eda.<br \/>Es una terapia complementaria que contiene los beneficios de la radiestesia y la medicina vibracional.<\/p>\n<p><img decoding=\"async\" src=\"https:\/\/laescueladevida.com.ar\/wp-content\/uploads\/2022\/12\/Diseno-sin-titulo-8.png\" width=\"45\" height=\"45\" alt=\"\" class=\"wp-image-49409 alignnone size-full\" srcset=\"https:\/\/laescueladevida.com.ar\/wp-content\/uploads\/2022\/12\/Diseno-sin-titulo-8.png 256w, https:\/\/laescueladevida.com.ar\/wp-content\/uploads\/2022\/12\/Diseno-sin-titulo-8-100x100.png 100w, https:\/\/laescueladevida.com.ar\/wp-content\/uploads\/2022\/12\/Diseno-sin-titulo-8-150x150.png 150w\" sizes=\"(max-width: 45px) 100vw, 45px\" \/><\/p>\n<p>[\/et_pb_blurb][\/et_pb_column][et_pb_column type=&#8221;1_3&#8243; _builder_version=&#8221;4.19.2&#8243; custom_padding=&#8221;|||&#8221; box_shadow_style=&#8221;preset1&#8243; global_colors_info=&#8221;{}&#8221; custom_padding__hover=&#8221;|||&#8221;][et_pb_blurb title=&#8221;registros ak\u00e1shicos&#8221; url=&#8221;https:\/\/laescueladevida.com.ar\/wp-content\/uploads\/2023\/01\/Registros-Akashicos.pdf&#8221; url_new_window=&#8221;on&#8221; image=&#8221;https:\/\/laescueladevida.com.ar\/wp-content\/uploads\/2022\/12\/3.png&#8221; image_icon_width=&#8221;80%&#8221; _builder_version=&#8221;4.19.2&#8243; header_font=&#8221;Poppins|700||on|||||&#8221; header_text_align=&#8221;center&#8221; header_text_color=&#8221;#a329cc&#8221; header_font_size=&#8221;20px&#8221; header_line_height=&#8221;1.5em&#8221; body_font=&#8221;Poppins|300|||||||&#8221; body_text_align=&#8221;center&#8221; body_text_color=&#8221;#000000&#8243; body_font_size=&#8221;15px&#8221; body_line_height=&#8221;1.8em&#8221; custom_padding=&#8221;38px|38px|23px|38px|false|true&#8221; link_option_url=&#8221;https:\/\/laescueladevida.com.ar\/wp-content\/uploads\/2023\/01\/Registros-Akashicos.pdf&#8221; link_option_url_new_window=&#8221;on&#8221; border_width_all=&#8221;1px&#8221; border_color_all=&#8221;rgba(169,113,75,0.24)&#8221; image_max_width=&#8221;80%&#8221; global_colors_info=&#8221;{}&#8221; header_text_color__hover=&#8221;#ffffff&#8221; header_text_color__hover_enabled=&#8221;on&#8221; body_text_color__hover=&#8221;#ffffff&#8221; body_text_color__hover_enabled=&#8221;on&#8221; border_color_all__hover=&#8221;#e8985e&#8221; border_color_all__hover_enabled=&#8221;on&#8221; background_color__hover=&#8221;#323fd1&#8243; background__hover_enabled=&#8221;on|hover&#8221; background_enable_color__hover=&#8221;on&#8221;]<\/p>\n<p>Es el libro de nuestra vida, el cual nos dice el porqu\u00e9 estamos aqu\u00ed, y el poqu\u00e9 somos quienes somos hoy. Se puede descifrar cada parte de este &#8220;lirbo&#8221; canalizando esa energ\u00eda e interpretando. Recorremos cada hoja para encontrar la felicidad.<\/p>\n<p><img decoding=\"async\" src=\"https:\/\/laescueladevida.com.ar\/wp-content\/uploads\/2022\/12\/Diseno-sin-titulo-8.png\" width=\"44\" height=\"44\" alt=\"\" class=\"wp-image-49409 alignnone size-full\" srcset=\"https:\/\/laescueladevida.com.ar\/wp-content\/uploads\/2022\/12\/Diseno-sin-titulo-8.png 256w, https:\/\/laescueladevida.com.ar\/wp-content\/uploads\/2022\/12\/Diseno-sin-titulo-8-100x100.png 100w, https:\/\/laescueladevida.com.ar\/wp-content\/uploads\/2022\/12\/Diseno-sin-titulo-8-150x150.png 150w\" sizes=\"(max-width: 44px) 100vw, 44px\" \/><\/p>\n<p>[\/et_pb_blurb][\/et_pb_column][\/et_pb_row][et_pb_row column_structure=&#8221;1_3,1_3,1_3&#8243; use_custom_gutter=&#8221;on&#8221; gutter_width=&#8221;2&#8243; _builder_version=&#8221;4.19.2&#8243; background_color=&#8221;#FFFFFF&#8221; custom_padding=&#8221;7px|0px|27px|0px|false|false&#8221; animation_style=&#8221;fade&#8221; animation_delay=&#8221;400ms&#8221; global_colors_info=&#8221;{}&#8221;][et_pb_column type=&#8221;1_3&#8243; _builder_version=&#8221;4.19.2&#8243; custom_padding=&#8221;|||&#8221; box_shadow_style=&#8221;preset1&#8243; global_colors_info=&#8221;{}&#8221; custom_padding__hover=&#8221;|||&#8221;][et_pb_blurb title=&#8221;Radiest\u00e9sia&#8221; url=&#8221;https:\/\/laescueladevida.com.ar\/wp-content\/uploads\/2023\/01\/Radiestesia-pdf.pdf&#8221; url_new_window=&#8221;on&#8221; image=&#8221;https:\/\/laescueladevida.com.ar\/wp-content\/uploads\/2022\/12\/4.png&#8221; image_icon_width=&#8221;80%&#8221; _builder_version=&#8221;4.24.2&#8243; header_font=&#8221;Poppins|700||on|||||&#8221; header_text_align=&#8221;center&#8221; header_text_color=&#8221;#a329cc&#8221; header_font_size=&#8221;20px&#8221; header_line_height=&#8221;1.5em&#8221; body_font=&#8221;Poppins|300|||||||&#8221; body_text_align=&#8221;center&#8221; body_text_color=&#8221;#000000&#8243; body_font_size=&#8221;15px&#8221; body_line_height=&#8221;1.8em&#8221; custom_padding=&#8221;38px|38px|23px|38px|false|true&#8221; link_option_url=&#8221;https:\/\/laescueladevida.com.ar\/wp-content\/uploads\/2023\/01\/Radiestesia-pdf.pdf&#8221; link_option_url_new_window=&#8221;on&#8221; border_width_all=&#8221;1px&#8221; border_color_all=&#8221;rgba(169,113,75,0.24)&#8221; image_max_width=&#8221;80%&#8221; global_colors_info=&#8221;{}&#8221; header_text_color__hover=&#8221;#ffffff&#8221; header_text_color__hover_enabled=&#8221;on&#8221; body_text_color__hover=&#8221;#ffffff&#8221; body_text_color__hover_enabled=&#8221;on&#8221; border_color_all__hover=&#8221;#e8985e&#8221; border_color_all__hover_enabled=&#8221;on&#8221; background_color__hover=&#8221;#323fd1&#8243; background__hover_enabled=&#8221;on|hover&#8221; background_enable_color__hover=&#8221;on&#8221;]<\/p>\n<p>El p\u00e9ndulo es una excelente herramienta\u00a0 o como complemento de otros or\u00e1culos, para alcanzar meditaciones y calibraciones de energ\u00eda mediante la meditaci\u00f3n tanto guiada como personal. Taller dirigido a cualquier persona que quiera indagar en el \u00e1rea de la radiestesia, o en utilizar esta eficaz herramienta para ayudar a otros.<\/p>\n<p><img loading=\"lazy\" loading=\"lazy\" decoding=\"async\" src=\"https:\/\/laescueladevida.com.ar\/wp-content\/uploads\/2022\/12\/Diseno-sin-titulo-8.png\" width=\"46\" height=\"46\" alt=\"\" class=\"wp-image-49409 alignnone size-full\" srcset=\"https:\/\/laescueladevida.com.ar\/wp-content\/uploads\/2022\/12\/Diseno-sin-titulo-8.png 256w, https:\/\/laescueladevida.com.ar\/wp-content\/uploads\/2022\/12\/Diseno-sin-titulo-8-100x100.png 100w, https:\/\/laescueladevida.com.ar\/wp-content\/uploads\/2022\/12\/Diseno-sin-titulo-8-150x150.png 150w\" sizes=\"(max-width: 46px) 100vw, 46px\" \/><\/p>\n<p>[\/et_pb_blurb][\/et_pb_column][et_pb_column type=&#8221;1_3&#8243; _builder_version=&#8221;4.19.2&#8243; custom_padding=&#8221;|||&#8221; box_shadow_style=&#8221;preset1&#8243; global_colors_info=&#8221;{}&#8221; custom_padding__hover=&#8221;|||&#8221;][et_pb_blurb title=&#8221;Transgeneracional y vinculaciones&#8221; url=&#8221;https:\/\/laescueladevida.com.ar\/wp-content\/uploads\/2023\/01\/transgeneracional.-pdf.pdf&#8221; url_new_window=&#8221;on&#8221; image=&#8221;https:\/\/laescueladevida.com.ar\/wp-content\/uploads\/2022\/12\/arbol-transgeneracional.png&#8221; image_icon_width=&#8221;80%&#8221; _builder_version=&#8221;4.19.2&#8243; header_font=&#8221;Poppins|700||on|||||&#8221; header_text_align=&#8221;center&#8221; header_text_color=&#8221;#a329cc&#8221; header_font_size=&#8221;20px&#8221; header_line_height=&#8221;1.4em&#8221; body_font=&#8221;Poppins|300|||||||&#8221; body_text_align=&#8221;center&#8221; body_text_color=&#8221;#000000&#8243; body_font_size=&#8221;15px&#8221; body_line_height=&#8221;1.8em&#8221; custom_padding=&#8221;38px|38px|23px|38px|false|true&#8221; link_option_url=&#8221;https:\/\/laescueladevida.com.ar\/wp-content\/uploads\/2023\/01\/transgeneracional.-pdf.pdf&#8221; link_option_url_new_window=&#8221;on&#8221; border_width_all=&#8221;1px&#8221; border_color_all=&#8221;rgba(169,113,75,0.24)&#8221; image_max_width=&#8221;80%&#8221; global_colors_info=&#8221;{}&#8221; header_text_color__hover=&#8221;#ffffff&#8221; header_text_color__hover_enabled=&#8221;on&#8221; body_text_color__hover=&#8221;#ffffff&#8221; body_text_color__hover_enabled=&#8221;on&#8221; border_color_all__hover=&#8221;#e8985e&#8221; border_color_all__hover_enabled=&#8221;on&#8221; background_color__hover=&#8221;#323fd1&#8243; background__hover_enabled=&#8221;on|hover&#8221; background_enable_color__hover=&#8221;on&#8221;]<\/p>\n<p>S\u00famate y experimenta el ciclo<br \/>de aceptaci\u00f3n, aprendizaje<br \/>y transformaci\u00f3n.<br \/>Conecta con tus linajes:<br \/>honra, libera y trasciende.<br \/>Es Hoy, es Ahora.<br \/>Una formaci\u00f3n para disfrutar<br \/>y vivenciar la experiencia<\/p>\n<p><img decoding=\"async\" src=\"https:\/\/laescueladevida.com.ar\/wp-content\/uploads\/2022\/12\/Diseno-sin-titulo-8.png\" width=\"45\" height=\"45\" alt=\"\" class=\"wp-image-49409 alignnone size-full\" srcset=\"https:\/\/laescueladevida.com.ar\/wp-content\/uploads\/2022\/12\/Diseno-sin-titulo-8.png 256w, https:\/\/laescueladevida.com.ar\/wp-content\/uploads\/2022\/12\/Diseno-sin-titulo-8-100x100.png 100w, https:\/\/laescueladevida.com.ar\/wp-content\/uploads\/2022\/12\/Diseno-sin-titulo-8-150x150.png 150w\" sizes=\"(max-width: 45px) 100vw, 45px\" \/><\/p>\n<p>[\/et_pb_blurb][et_pb_button button_url=&#8221;https:\/\/laescueladevida.com.ar\/index.php\/producto\/formacion-transgeneracional\/&#8221; button_text=&#8221;Se parte de la formaci\u00f3n&#8221; button_alignment=&#8221;center&#8221; _builder_version=&#8221;4.19.5&#8243; _module_preset=&#8221;default&#8221; custom_button=&#8221;on&#8221; button_text_size=&#8221;16px&#8221; button_text_color=&#8221;#FFFFFF&#8221; button_bg_color=&#8221;#0C71C3&#8243; button_icon=&#8221;&#xe0ed;||divi||400&#8243; button_icon_color=&#8221;#FFFFFF&#8221; button_on_hover=&#8221;off&#8221; custom_margin=&#8221;21px||19px||false|false&#8221; custom_padding=&#8221;5px|55px||46px|false|false&#8221; global_colors_info=&#8221;{}&#8221;][\/et_pb_button][\/et_pb_column][et_pb_column type=&#8221;1_3&#8243; _builder_version=&#8221;4.27.4&#8243; _module_preset=&#8221;default&#8221; global_colors_info=&#8221;{}&#8221;][et_pb_blurb title=&#8221;Constelaciones Familiares&#8221; url=&#8221;https:\/\/laescueladevida.com.ar\/wp-content\/uploads\/2023\/01\/Las-Constelaciones-individuales.pdf&#8221; url_new_window=&#8221;on&#8221; image=&#8221;https:\/\/laescueladevida.com.ar\/wp-content\/uploads\/2023\/01\/constelaciones-familiares-escuela-de-vida.png&#8221; image_icon_width=&#8221;80%&#8221; _builder_version=&#8221;4.19.2&#8243; header_font=&#8221;Poppins|700||on|||||&#8221; header_text_align=&#8221;center&#8221; header_text_color=&#8221;#a329cc&#8221; header_font_size=&#8221;20px&#8221; header_line_height=&#8221;1.5em&#8221; body_font=&#8221;Poppins|300|||||||&#8221; body_text_align=&#8221;center&#8221; body_text_color=&#8221;#000000&#8243; body_font_size=&#8221;15px&#8221; body_line_height=&#8221;1.8em&#8221; custom_padding=&#8221;38px|38px|23px|38px|false|true&#8221; link_option_url=&#8221;https:\/\/laescueladevida.com.ar\/wp-content\/uploads\/2023\/01\/Las-Constelaciones-individuales.pdf&#8221; link_option_url_new_window=&#8221;on&#8221; border_width_all=&#8221;1px&#8221; border_color_all=&#8221;rgba(169,113,75,0.24)&#8221; image_max_width=&#8221;80%&#8221; global_colors_info=&#8221;{}&#8221; header_text_color__hover=&#8221;#ffffff&#8221; header_text_color__hover_enabled=&#8221;on&#8221; body_text_color__hover=&#8221;#ffffff&#8221; body_text_color__hover_enabled=&#8221;on&#8221; border_color_all__hover=&#8221;#e8985e&#8221; border_color_all__hover_enabled=&#8221;on&#8221; background_color__hover=&#8221;#323fd1&#8243; background__hover_enabled=&#8221;on|hover&#8221; background_enable_color__hover=&#8221;on&#8221;]<\/p>\n<p>Las Constelaciones individuales- grupales, es una herramienta terap\u00e9utica donde el constelador y cliente entran en el campo energ\u00e9tico familiar permitiendo as\u00ed una toma de consciencia de las diferentes din\u00e1micas que afectan al problema que se desea resolver. Qu\u00e9 conseguimos: Lo que buscamos todas las personas: la paz, la dicha y la felicidad. Estas metas son un sistema, un conjunto de pensamientos y situaciones, que en equilibrio prosperan para darnos una vida satisfactoria y relajada.<\/p>\n<p><img loading=\"lazy\" loading=\"lazy\" decoding=\"async\" src=\"https:\/\/laescueladevida.com.ar\/wp-content\/uploads\/2022\/12\/Diseno-sin-titulo-8.png\" width=\"46\" height=\"46\" alt=\"\" class=\"wp-image-49409 alignnone size-full\" srcset=\"https:\/\/laescueladevida.com.ar\/wp-content\/uploads\/2022\/12\/Diseno-sin-titulo-8.png 256w, https:\/\/laescueladevida.com.ar\/wp-content\/uploads\/2022\/12\/Diseno-sin-titulo-8-100x100.png 100w, https:\/\/laescueladevida.com.ar\/wp-content\/uploads\/2022\/12\/Diseno-sin-titulo-8-150x150.png 150w\" sizes=\"(max-width: 46px) 100vw, 46px\" \/><\/p>\n<p>[\/et_pb_blurb][\/et_pb_column][\/et_pb_row][\/et_pb_section][et_pb_section fb_built=&#8221;1&#8243; fullwidth=&#8221;on&#8221; _builder_version=&#8221;4.19.2&#8243; _module_preset=&#8221;default&#8221; global_colors_info=&#8221;{}&#8221;][et_pb_fullwidth_slider use_bg_overlay=&#8221;off&#8221; use_text_overlay=&#8221;on&#8221; text_border_radius=&#8221;30px&#8221; _builder_version=&#8221;4.19.2&#8243; _module_preset=&#8221;default&#8221; header_font=&#8221;Poppins||||||||&#8221; header_font_size=&#8221;22px&#8221; auto=&#8221;on&#8221; auto_speed=&#8221;9000&#8243; auto_ignore_hover=&#8221;on&#8221; global_colors_info=&#8221;{}&#8221;][et_pb_slide heading=&#8221;\u201c Entre los grandes temas del viaje de la vida, uno de los primeros en manifestarse es el de nuestras ra\u00edces , nuestros or\u00edgenes y nuestro pasado, unido a la necesidad de saber como asumir aquello que sucedi\u00f3 y que, hoy en d\u00eda, aun nos nutre o nos debilita.\u201d&#8221; use_bg_overlay=&#8221;on&#8221; use_text_overlay=&#8221;on&#8221; text_overlay_color=&#8221;rgba(163,41,204,0.23)&#8221; _builder_version=&#8221;4.19.2&#8243; _module_preset=&#8221;default&#8221; header_font_size=&#8221;36px&#8221; body_font_size=&#8221;31px&#8221; background_enable_color=&#8221;off&#8221; background_image=&#8221;https:\/\/laescueladevida.com.ar\/wp-content\/uploads\/2023\/01\/2-1.jpg&#8221; background_enable_image=&#8221;on&#8221; header_font_size_tablet=&#8221;36px&#8221; header_font_size_phone=&#8221;23px&#8221; header_font_size_last_edited=&#8221;on|phone&#8221; background_last_edited=&#8221;on|phone&#8221; global_colors_info=&#8221;{}&#8221; sticky_transition=&#8221;on&#8221;][\/et_pb_slide][et_pb_slide heading=&#8221;\u201c El cambio solo se produce si aceptamos el presente tal cual es, vivi\u00e9ndolo con plenitud. La plenitud es estar en sinton\u00eda con lo grande, que es tambi\u00e9n dolor y muerte. Vivir esa concordancia nos da serenidad\u201d.&#8221; use_bg_overlay=&#8221;on&#8221; use_text_overlay=&#8221;on&#8221; text_overlay_color=&#8221;rgba(163,41,204,0.23)&#8221; _builder_version=&#8221;4.19.2&#8243; _module_preset=&#8221;default&#8221; header_font_size=&#8221;36px&#8221; body_font_size=&#8221;31px&#8221; background_enable_color=&#8221;off&#8221; background_image=&#8221;https:\/\/laescueladevida.com.ar\/wp-content\/uploads\/2023\/01\/3-1.jpg&#8221; background_enable_image=&#8221;on&#8221; header_font_size_tablet=&#8221;36px&#8221; header_font_size_phone=&#8221;24px&#8221; header_font_size_last_edited=&#8221;on|phone&#8221; global_colors_info=&#8221;{}&#8221; sticky_transition=&#8221;on&#8221;][\/et_pb_slide][et_pb_slide heading=&#8221;%22El cuerpo es un don sagrado, es el templo del alma. Y guarda secretos, o mensajes que aun no sabemos leer\u201d.&#8221; use_bg_overlay=&#8221;on&#8221; use_text_overlay=&#8221;on&#8221; text_overlay_color=&#8221;rgba(163,41,204,0.23)&#8221; _builder_version=&#8221;4.19.2&#8243; _module_preset=&#8221;default&#8221; header_font_size=&#8221;36px&#8221; body_font_size=&#8221;31px&#8221; background_enable_color=&#8221;off&#8221; background_image=&#8221;https:\/\/laescueladevida.com.ar\/wp-content\/uploads\/2023\/01\/4.jpg&#8221; background_enable_image=&#8221;on&#8221; header_font_size_tablet=&#8221;36px&#8221; header_font_size_phone=&#8221;24px&#8221; header_font_size_last_edited=&#8221;on|phone&#8221; global_colors_info=&#8221;{}&#8221; sticky_transition=&#8221;on&#8221;][\/et_pb_slide][et_pb_slide heading=&#8221;\u201c Morir es natural, no es malo. La sociedad de consumo, ligada a lo productivo, desprecia la vejez y evade la muerte, a la que le teme. No la pudo controlar ni evitar, entonces la desnaturalizo y la aisl\u00f3 de la vida cotidiana\u201d.&#8221; use_bg_overlay=&#8221;on&#8221; use_text_overlay=&#8221;on&#8221; text_overlay_color=&#8221;rgba(163,41,204,0.23)&#8221; text_border_radius=&#8221;8px&#8221; _builder_version=&#8221;4.19.2&#8243; _module_preset=&#8221;default&#8221; header_font_size=&#8221;36px&#8221; body_font_size=&#8221;31px&#8221; background_enable_color=&#8221;off&#8221; background_image=&#8221;https:\/\/laescueladevida.com.ar\/wp-content\/uploads\/2023\/01\/Diseno-sin-titulo-1.jpg&#8221; background_enable_image=&#8221;on&#8221; header_font_size_tablet=&#8221;36px&#8221; header_font_size_phone=&#8221;24px&#8221; header_font_size_last_edited=&#8221;on|phone&#8221; global_colors_info=&#8221;{}&#8221; sticky_transition=&#8221;on&#8221;][\/et_pb_slide][\/et_pb_fullwidth_slider][\/et_pb_section][et_pb_section fb_built=&#8221;1&#8243; _builder_version=&#8221;4.22.1&#8243; _module_preset=&#8221;default&#8221; background_color=&#8221;#FFFFFF&#8221; global_colors_info=&#8221;{}&#8221;][et_pb_row _builder_version=&#8221;4.27.4&#8243; _module_preset=&#8221;default&#8221; global_colors_info=&#8221;{}&#8221;][et_pb_column type=&#8221;4_4&#8243; _builder_version=&#8221;4.19.5&#8243; _module_preset=&#8221;default&#8221; global_colors_info=&#8221;{}&#8221;][et_pb_text _builder_version=&#8221;4.19.5&#8243; header_font=&#8221;Poppins|800|||||||&#8221; header_text_color=&#8221;#a329cc&#8221; header_2_font=&#8221;||||||||&#8221; header_2_font_size=&#8221;15px&#8221; custom_margin=&#8221;106px||||false|false&#8221; global_colors_info=&#8221;{}&#8221;]<\/p>\n<h1 style=\"text-align: center;\">Conoc\u00e9 todas las propuestas y abon\u00e1 hoy en <span style=\"color: #333399;\"><a href=\"https:\/\/laescueladevida.com.ar\/index.php\/tienda\/\" style=\"color: #333399;\">nuestra tienda virtual<\/a><\/span><\/h1>\n<p>[\/et_pb_text][et_pb_db_shop_loop cat_loop_style=&#8221;on&#8221; _builder_version=&#8221;4.27.4&#8243; _module_preset=&#8221;default&#8221; global_colors_info=&#8221;{}&#8221;][\/et_pb_db_shop_loop][et_pb_text _builder_version=&#8221;4.19.5&#8243; header_font=&#8221;Poppins|800|||||||&#8221; header_text_color=&#8221;#a329cc&#8221; header_2_font=&#8221;||||||||&#8221; header_2_font_size=&#8221;15px&#8221; custom_margin=&#8221;106px||||false|false&#8221; global_colors_info=&#8221;{}&#8221;]<\/p>\n<h1 style=\"text-align: center;\">Conoc\u00e9 todas las propuestas y abon\u00e1 hoy en <span style=\"color: #333399;\"><a href=\"https:\/\/laescueladevida.com.ar\/index.php\/tienda\/\" style=\"color: #333399;\">nuestra tienda virtual<\/a><\/span><\/h1>\n<p>[\/et_pb_text][et_pb_divider color=&#8221;RGBA(255,255,255,0)&#8221; divider_weight=&#8221;3px&#8221; _builder_version=&#8221;4.19.2&#8243; background_image=&#8221;https:\/\/laescueladevida.com.ar\/wp-content\/uploads\/2022\/12\/lazo.png&#8221; max_width=&#8221;26%&#8221; module_alignment=&#8221;center&#8221; custom_margin=&#8221;-30px||26px||false|false&#8221; global_colors_info=&#8221;{}&#8221;][\/et_pb_divider][\/et_pb_column][\/et_pb_row][\/et_pb_section][et_pb_section fb_built=&#8221;1&#8243; admin_label=&#8221;Reach Us Section&#8221; module_id=&#8221;contactate&#8221; _builder_version=&#8221;4.20.2&#8243; background_color=&#8221;rgba(255,255,255,0.51)&#8221; background_image=&#8221;https:\/\/laescueladevida.com.ar\/wp-content\/uploads\/2023\/01\/para-footer.jpg&#8221; background_blend=&#8221;overlay&#8221; custom_padding=&#8221;99px||90px||false|false&#8221; top_divider_style=&#8221;clouds&#8221; top_divider_color=&#8221;#FFFFFF&#8221; top_divider_height=&#8221;97px&#8221; animation_direction=&#8221;bottom&#8221; global_colors_info=&#8221;{}&#8221;][et_pb_row _builder_version=&#8221;4.19.2&#8243; custom_margin=&#8221;53px||||false|false&#8221; custom_padding=&#8221;27px|0px|30px|0px|false|false&#8221; animation_style=&#8221;fade&#8221; animation_delay=&#8221;400ms&#8221; global_colors_info=&#8221;{}&#8221;][et_pb_column type=&#8221;4_4&#8243; _builder_version=&#8221;4.16&#8243; custom_padding=&#8221;|||&#8221; global_colors_info=&#8221;{}&#8221; custom_padding__hover=&#8221;|||&#8221;][et_pb_text _builder_version=&#8221;4.19.2&#8243; header_font=&#8221;Poppins|800|||||||&#8221; header_text_color=&#8221;#000000&#8243; header_2_font=&#8221;||||||||&#8221; header_2_font_size=&#8221;15px&#8221; custom_margin=&#8221;-24px|||&#8221; global_colors_info=&#8221;{}&#8221;]<\/p>\n<h1 style=\"text-align: center;\">CONTACTE<\/h1>\n<p>[\/et_pb_text][et_pb_divider color=&#8221;RGBA(255,255,255,0)&#8221; divider_weight=&#8221;3px&#8221; _builder_version=&#8221;4.19.2&#8243; background_image=&#8221;https:\/\/laescueladevida.com.ar\/wp-content\/uploads\/2022\/12\/lazo.png&#8221; max_width=&#8221;32%&#8221; module_alignment=&#8221;center&#8221; custom_margin=&#8221;-34px||3px||false|false&#8221; global_colors_info=&#8221;{}&#8221;][\/et_pb_divider][\/et_pb_column][\/et_pb_row][et_pb_row column_structure=&#8221;1_3,1_3,1_3&#8243; _builder_version=&#8221;4.19.2&#8243; custom_padding=&#8221;9px|0px|0|132px|false|false&#8221; global_colors_info=&#8221;{}&#8221;][et_pb_column type=&#8221;1_3&#8243; _builder_version=&#8221;4.16&#8243; custom_padding=&#8221;|||&#8221; global_colors_info=&#8221;{}&#8221; custom_padding__hover=&#8221;|||&#8221;][et_pb_blurb title=&#8221;TEL\u00c9FONOS&#8221; use_icon=&#8221;on&#8221; font_icon=&#8221;&#xe090;||divi||400&#8243; icon_color=&#8221;#000000&#8243; image_icon_width=&#8221;32px&#8221; admin_label=&#8221;1&#8243; _builder_version=&#8221;4.19.2&#8243; header_font=&#8221;Poppins|700|||||||&#8221; header_text_color=&#8221;#000000&#8243; header_font_size=&#8221;20px&#8221; body_font=&#8221;Poppins||||||||&#8221; body_text_color=&#8221;#000000&#8243; body_font_size=&#8221;18px&#8221; body_line_height=&#8221;1.8em&#8221; background_color=&#8221;rgba(255,255,255,0)&#8221; text_orientation=&#8221;center&#8221; custom_margin_tablet=&#8221;&#8221; custom_margin_phone=&#8221;|||-187px|false|false&#8221; custom_margin_last_edited=&#8221;on|phone&#8221; custom_padding=&#8221;60px|30px|60px|71px|false|false&#8221; icon_font_size=&#8221;32px&#8221; global_colors_info=&#8221;{}&#8221; background__hover_enabled=&#8221;on&#8221; background_color__hover=&#8221;rgba(255,255,255,0.13)&#8221;]<\/p>\n<p>+54 9 2323341694<\/p>\n<p>[\/et_pb_blurb][\/et_pb_column][et_pb_column type=&#8221;1_3&#8243; _builder_version=&#8221;4.16&#8243; custom_padding=&#8221;|||&#8221; global_colors_info=&#8221;{}&#8221; custom_padding__hover=&#8221;|||&#8221;][et_pb_blurb title=&#8221;Email&#8221; use_icon=&#8221;on&#8221; font_icon=&#8221;&#xe076;||divi||400&#8243; icon_color=&#8221;#000000&#8243; image_icon_width=&#8221;32px&#8221; admin_label=&#8221;1&#8243; _builder_version=&#8221;4.27.4&#8243; header_font=&#8221;Poppins|700|||||||&#8221; header_text_color=&#8221;#000000&#8243; header_font_size=&#8221;20px&#8221; body_font=&#8221;Poppins||||||||&#8221; body_text_color=&#8221;#000000&#8243; body_font_size=&#8221;18px&#8221; body_line_height=&#8221;1.8em&#8221; background_color=&#8221;rgba(255,255,255,0)&#8221; text_orientation=&#8221;center&#8221; width=&#8221;100%&#8221; custom_margin_tablet=&#8221;&#8221; custom_margin_phone=&#8221;-72px|||-109px|false|false&#8221; custom_margin_last_edited=&#8221;on|phone&#8221; custom_padding=&#8221;60px|0px|60px|0px|false|false&#8221; icon_font_size=&#8221;32px&#8221; global_colors_info=&#8221;{}&#8221; background_color__hover=&#8221;rgba(255,255,255,0.13)&#8221; background__hover_enabled=&#8221;on&#8221;]<\/p>\n<p>karinabenito.escueladevida@gmail.com<\/p>\n<p>[\/et_pb_blurb][\/et_pb_column][et_pb_column type=&#8221;1_3&#8243; _builder_version=&#8221;4.16&#8243; custom_padding=&#8221;|||&#8221; global_colors_info=&#8221;{}&#8221; custom_padding__hover=&#8221;|||&#8221;][et_pb_image src=&#8221;https:\/\/laescueladevida.com.ar\/wp-content\/uploads\/2023\/01\/logo-png.gif&#8221; title_text=&#8221;logo-png&#8221; _builder_version=&#8221;4.19.2&#8243; _module_preset=&#8221;default&#8221; custom_margin_tablet=&#8221;&#8221; custom_margin_phone=&#8221;|||-115px|false|false&#8221; custom_margin_last_edited=&#8221;on|phone&#8221; global_colors_info=&#8221;{}&#8221;][\/et_pb_image][\/et_pb_column][\/et_pb_row][et_pb_row disabled_on=&#8221;off|off|off&#8221; admin_label=&#8221;Social Media&#8221; _builder_version=&#8221;4.16&#8243; custom_margin=&#8221;30px|||&#8221; custom_padding=&#8221;0|0px|27px|0px|false|false&#8221; global_colors_info=&#8221;{}&#8221;][et_pb_column type=&#8221;4_4&#8243; _builder_version=&#8221;4.16&#8243; custom_padding=&#8221;|||&#8221; global_colors_info=&#8221;{}&#8221; custom_padding__hover=&#8221;|||&#8221;][et_pb_social_media_follow _builder_version=&#8221;4.27.4&#8243; text_orientation=&#8221;center&#8221; global_colors_info=&#8221;{}&#8221;][et_pb_social_media_follow_network social_network=&#8221;facebook&#8221; url=&#8221;https:\/\/www.facebook.com\/karinabenito.escuela&#8221; _builder_version=&#8221;4.19.2&#8243; background_color=&#8221;#a329cc&#8221; background_enable_color=&#8221;on&#8221; custom_margin=&#8221;|8px||8px&#8221; custom_padding=&#8221;14px|14px|14px|14px&#8221; border_radii=&#8221;on|100px|100px|100px|100px&#8221; global_colors_info=&#8221;{}&#8221; follow_button=&#8221;off&#8221; url_new_window=&#8221;on&#8221;]facebook[\/et_pb_social_media_follow_network][et_pb_social_media_follow_network social_network=&#8221;instagram&#8221; url=&#8221;https:\/\/www.instagram.com\/karinabenito_escuela\/&#8221; _builder_version=&#8221;4.19.2&#8243; background_color=&#8221;#a329cc&#8221; background_enable_color=&#8221;on&#8221; custom_margin=&#8221;|8px||8px&#8221; custom_padding=&#8221;14px|14px|14px|14px&#8221; border_radii=&#8221;on|100px|100px|100px|100px&#8221; global_colors_info=&#8221;{}&#8221; follow_button=&#8221;off&#8221; url_new_window=&#8221;on&#8221;]instagram[\/et_pb_social_media_follow_network][et_pb_social_media_follow_network social_network=&#8221;youtube&#8221; url=&#8221;https:\/\/www.youtube.com\/@karinabenito&#8221; _builder_version=&#8221;4.19.2&#8243; _module_preset=&#8221;default&#8221; background_color=&#8221;#a329cc&#8221; background_enable_color=&#8221;on&#8221; custom_margin=&#8221;|8px||8px&#8221; custom_padding=&#8221;14px|14px|14px|14px&#8221; border_radii=&#8221;on|100px|100px|100px|100px&#8221; global_colors_info=&#8221;{}&#8221; follow_button=&#8221;off&#8221; url_new_window=&#8221;on&#8221;]youtube[\/et_pb_social_media_follow_network][et_pb_social_media_follow_network social_network=&#8221;tiktok&#8221; url=&#8221;http:\/\/@Karobenito_escuela&#8221; _builder_version=&#8221;4.19.2&#8243; _module_preset=&#8221;default&#8221; background_color=&#8221;#a329cc&#8221; background_enable_color=&#8221;on&#8221; custom_margin=&#8221;|8px||8px&#8221; custom_padding=&#8221;14px|14px|14px|14px&#8221; border_radii=&#8221;on|100px|100px|100px|100px&#8221; global_colors_info=&#8221;{}&#8221; follow_button=&#8221;off&#8221; url_new_window=&#8221;on&#8221;]tiktok[\/et_pb_social_media_follow_network][\/et_pb_social_media_follow][\/et_pb_column][\/et_pb_row][\/et_pb_section]<\/p>\n","protected":false},"excerpt":{"rendered":"<p>UN LUGAR PARAAPRENDER AVIVIR MEJOREn ESCUELA DE VIDA vas a encontrar todas las herramientas\u00a0 que necesita\u00a0 tu mente y tu coraz\u00f3n para desplegarse. Abrimos el mundo interior\u00a0 para consultar tu s\u00edntoma desde la mirada de Psico bioemocional.\u00a0 Se considera s\u00edntoma todo aquello que no te permite llevar una vida en plenitud, puede ser f\u00edsico, emocional, [&hellip;]<\/p>\n","protected":false},"author":1,"featured_media":0,"parent":0,"menu_order":0,"comment_status":"closed","ping_status":"closed","template":"","meta":{"_et_pb_use_builder":"on","_et_pb_old_content":"<!-- wp:paragraph -->\n<p>This is an example page. It's different from a blog post because it will stay in one place and will show up in your site navigation (in most themes). Most people start with an About page that introduces them to potential site visitors. It might say something like this:<\/p>\n<!-- \/wp:paragraph -->\n\n<!-- wp:quote -->\n<blockquote class=\"wp-block-quote\"><p>Hi there! I'm a bike messenger by day, aspiring actor by night, and this is my website. I live in Los Angeles, have a great dog named Jack, and I like pi&#241;a coladas. (And gettin' caught in the rain.)<\/p><\/blockquote>\n<!-- \/wp:quote -->\n\n<!-- wp:paragraph -->\n<p>...or something like this:<\/p>\n<!-- \/wp:paragraph -->\n\n<!-- wp:quote -->\n<blockquote class=\"wp-block-quote\"><p>The XYZ Doohickey Company was founded in 1971, and has been providing quality doohickeys to the public ever since. Located in Gotham City, XYZ employs over 2,000 people and does all kinds of awesome things for the Gotham community.<\/p><\/blockquote>\n<!-- \/wp:quote -->\n\n<!-- wp:paragraph -->\n<p>As a new WordPress user, you should go to <a href=\"https:\/\/laescueladevida.com.ar\/wp-admin\/\">your dashboard<\/a> to delete this page and create new pages for your content. Have fun!<\/p>\n<!-- \/wp:paragraph -->","_et_gb_content_width":"","footnotes":""},"class_list":["post-2","page","type-page","status-publish","hentry"],"yoast_head":"<!-- This site is optimized with the Yoast SEO plugin v26.8 - https:\/\/yoast.com\/product\/yoast-seo-wordpress\/ -->\n<title>Aprende a vivir mejor - Escuela de Vida<\/title>\n<meta name=\"description\" content=\"Descubre herramientas psicoemocionales y terapias hol\u00edsticas en la Escuela de Vida. Transforma s\u00edntomas f\u00edsicos o emocionales y conecta con tu bienestar integral.\" \/>\n<meta name=\"robots\" content=\"index, follow, max-snippet:-1, max-image-preview:large, max-video-preview:-1\" \/>\n<link rel=\"canonical\" href=\"https:\/\/laescueladevida.com.ar\/\" \/>\n<meta property=\"og:locale\" content=\"es_ES\" \/>\n<meta property=\"og:type\" content=\"article\" \/>\n<meta property=\"og:title\" content=\"Aprende a vivir mejor - Escuela de Vida\" \/>\n<meta property=\"og:description\" content=\"Descubre herramientas psicoemocionales y terapias hol\u00edsticas en la Escuela de Vida. Transforma s\u00edntomas f\u00edsicos o emocionales y conecta con tu bienestar integral.\" \/>\n<meta property=\"og:url\" content=\"https:\/\/laescueladevida.com.ar\/\" \/>\n<meta property=\"og:site_name\" content=\"Escuela de Vida\" \/>\n<meta property=\"article:publisher\" content=\"https:\/\/www.facebook.com\/karinabenito.escuela\" \/>\n<meta property=\"article:modified_time\" content=\"2025-04-23T19:32:26+00:00\" \/>\n<meta property=\"og:image\" content=\"https:\/\/laescueladevida.com.ar\/wp-content\/uploads\/2022\/12\/lazo-300x44.png\" \/>\n<meta name=\"twitter:card\" content=\"summary_large_image\" \/>\n<meta name=\"twitter:label1\" content=\"Tiempo de lectura\" \/>\n\t<meta name=\"twitter:data1\" content=\"15 minutos\" \/>\n<script type=\"application\/ld+json\" class=\"yoast-schema-graph\">{\"@context\":\"https:\/\/schema.org\",\"@graph\":[{\"@type\":\"WebPage\",\"@id\":\"https:\/\/laescueladevida.com.ar\/\",\"url\":\"https:\/\/laescueladevida.com.ar\/\",\"name\":\"Aprende a vivir mejor - Escuela de Vida\",\"isPartOf\":{\"@id\":\"https:\/\/laescueladevida.com.ar\/#website\"},\"primaryImageOfPage\":{\"@id\":\"https:\/\/laescueladevida.com.ar\/#primaryimage\"},\"image\":{\"@id\":\"https:\/\/laescueladevida.com.ar\/#primaryimage\"},\"thumbnailUrl\":\"https:\/\/laescueladevida.com.ar\/wp-content\/uploads\/2022\/12\/lazo-300x44.png\",\"datePublished\":\"2022-12-06T17:45:41+00:00\",\"dateModified\":\"2025-04-23T19:32:26+00:00\",\"description\":\"Descubre herramientas psicoemocionales y terapias hol\u00edsticas en la Escuela de Vida. Transforma s\u00edntomas f\u00edsicos o emocionales y conecta con tu bienestar integral.\",\"breadcrumb\":{\"@id\":\"https:\/\/laescueladevida.com.ar\/#breadcrumb\"},\"inLanguage\":\"es\",\"potentialAction\":[{\"@type\":\"ReadAction\",\"target\":[\"https:\/\/laescueladevida.com.ar\/\"]}]},{\"@type\":\"ImageObject\",\"inLanguage\":\"es\",\"@id\":\"https:\/\/laescueladevida.com.ar\/#primaryimage\",\"url\":\"https:\/\/laescueladevida.com.ar\/wp-content\/uploads\/2022\/12\/lazo.png\",\"contentUrl\":\"https:\/\/laescueladevida.com.ar\/wp-content\/uploads\/2022\/12\/lazo.png\",\"width\":997,\"height\":145},{\"@type\":\"BreadcrumbList\",\"@id\":\"https:\/\/laescueladevida.com.ar\/#breadcrumb\",\"itemListElement\":[{\"@type\":\"ListItem\",\"position\":1,\"name\":\"Portada\",\"item\":\"https:\/\/laescueladevida.com.ar\/\"},{\"@type\":\"ListItem\",\"position\":2,\"name\":\"Aprende a vivir mejor\"}]},{\"@type\":\"WebSite\",\"@id\":\"https:\/\/laescueladevida.com.ar\/#website\",\"url\":\"https:\/\/laescueladevida.com.ar\/\",\"name\":\"Escuela de Vida\",\"description\":\"Escuela de Vida ofrece herramientas psico-bioemocionales para superar bloqueos y vivir plenamente. Sesiones intensivas y talleres hol\u00edsticos. \ud83c\udf3f\ud83d\udcab\",\"publisher\":{\"@id\":\"https:\/\/laescueladevida.com.ar\/#\/schema\/person\/7f8cd1f6f0ed927dffb428a028a5e312\"},\"potentialAction\":[{\"@type\":\"SearchAction\",\"target\":{\"@type\":\"EntryPoint\",\"urlTemplate\":\"https:\/\/laescueladevida.com.ar\/?s={search_term_string}\"},\"query-input\":{\"@type\":\"PropertyValueSpecification\",\"valueRequired\":true,\"valueName\":\"search_term_string\"}}],\"inLanguage\":\"es\"},{\"@type\":[\"Person\",\"Organization\"],\"@id\":\"https:\/\/laescueladevida.com.ar\/#\/schema\/person\/7f8cd1f6f0ed927dffb428a028a5e312\",\"name\":\"Karina Benito\",\"image\":{\"@type\":\"ImageObject\",\"inLanguage\":\"es\",\"@id\":\"https:\/\/laescueladevida.com.ar\/#\/schema\/person\/image\/\",\"url\":\"https:\/\/laescueladevida.com.ar\/wp-content\/uploads\/2025\/01\/logo-escuela-1.webp\",\"contentUrl\":\"https:\/\/laescueladevida.com.ar\/wp-content\/uploads\/2025\/01\/logo-escuela-1.webp\",\"width\":512,\"height\":483,\"caption\":\"Karina Benito\"},\"logo\":{\"@id\":\"https:\/\/laescueladevida.com.ar\/#\/schema\/person\/image\/\"},\"description\":\"Soy Karina Benito, residente de Luj\u00e1n, en la Provincia de Buenos Aires, Argentina. Con m\u00e1s de una d\u00e9cada de experiencia en la Decodificaci\u00f3n Psicogeneal\u00f3gica, he dedicado mi carrera a guiar a las personas en sus procesos de transformaci\u00f3n personal. Adem\u00e1s de ofrecer consultas personalizadas, imparto seminarios y formaciones, enriqueciendo continuamente el conocimiento y las herramientas disponibles para aquellos que buscan sanar y crecer. Como fundadora de 'Escuela de Vida', he tenido el privilegio de acompa\u00f1ar a innumerables individuos en sus caminos hacia una comprensi\u00f3n m\u00e1s profunda de s\u00ed mismos y de sus lealtades familiares.\",\"sameAs\":[\"http:\/\/laescueladevida.com.ar\",\"https:\/\/www.facebook.com\/karinabenito.escuela\",\"https:\/\/www.instagram.com\/karinabenito_escuela\/\",\"https:\/\/www.youtube.com\/@karinabenito\"]}]}<\/script>\n<!-- \/ Yoast SEO plugin. -->","yoast_head_json":{"title":"Aprende a vivir mejor - Escuela de Vida","description":"Descubre herramientas psicoemocionales y terapias hol\u00edsticas en la Escuela de Vida. Transforma s\u00edntomas f\u00edsicos o emocionales y conecta con tu bienestar integral.","robots":{"index":"index","follow":"follow","max-snippet":"max-snippet:-1","max-image-preview":"max-image-preview:large","max-video-preview":"max-video-preview:-1"},"canonical":"https:\/\/laescueladevida.com.ar\/","og_locale":"es_ES","og_type":"article","og_title":"Aprende a vivir mejor - Escuela de Vida","og_description":"Descubre herramientas psicoemocionales y terapias hol\u00edsticas en la Escuela de Vida. Transforma s\u00edntomas f\u00edsicos o emocionales y conecta con tu bienestar integral.","og_url":"https:\/\/laescueladevida.com.ar\/","og_site_name":"Escuela de Vida","article_publisher":"https:\/\/www.facebook.com\/karinabenito.escuela","article_modified_time":"2025-04-23T19:32:26+00:00","og_image":[{"url":"https:\/\/laescueladevida.com.ar\/wp-content\/uploads\/2022\/12\/lazo-300x44.png","type":"","width":"","height":""}],"twitter_card":"summary_large_image","twitter_misc":{"Tiempo de lectura":"15 minutos"},"schema":{"@context":"https:\/\/schema.org","@graph":[{"@type":"WebPage","@id":"https:\/\/laescueladevida.com.ar\/","url":"https:\/\/laescueladevida.com.ar\/","name":"Aprende a vivir mejor - Escuela de Vida","isPartOf":{"@id":"https:\/\/laescueladevida.com.ar\/#website"},"primaryImageOfPage":{"@id":"https:\/\/laescueladevida.com.ar\/#primaryimage"},"image":{"@id":"https:\/\/laescueladevida.com.ar\/#primaryimage"},"thumbnailUrl":"https:\/\/laescueladevida.com.ar\/wp-content\/uploads\/2022\/12\/lazo-300x44.png","datePublished":"2022-12-06T17:45:41+00:00","dateModified":"2025-04-23T19:32:26+00:00","description":"Descubre herramientas psicoemocionales y terapias hol\u00edsticas en la Escuela de Vida. Transforma s\u00edntomas f\u00edsicos o emocionales y conecta con tu bienestar integral.","breadcrumb":{"@id":"https:\/\/laescueladevida.com.ar\/#breadcrumb"},"inLanguage":"es","potentialAction":[{"@type":"ReadAction","target":["https:\/\/laescueladevida.com.ar\/"]}]},{"@type":"ImageObject","inLanguage":"es","@id":"https:\/\/laescueladevida.com.ar\/#primaryimage","url":"https:\/\/laescueladevida.com.ar\/wp-content\/uploads\/2022\/12\/lazo.png","contentUrl":"https:\/\/laescueladevida.com.ar\/wp-content\/uploads\/2022\/12\/lazo.png","width":997,"height":145},{"@type":"BreadcrumbList","@id":"https:\/\/laescueladevida.com.ar\/#breadcrumb","itemListElement":[{"@type":"ListItem","position":1,"name":"Portada","item":"https:\/\/laescueladevida.com.ar\/"},{"@type":"ListItem","position":2,"name":"Aprende a vivir mejor"}]},{"@type":"WebSite","@id":"https:\/\/laescueladevida.com.ar\/#website","url":"https:\/\/laescueladevida.com.ar\/","name":"Escuela de Vida","description":"Escuela de Vida ofrece herramientas psico-bioemocionales para superar bloqueos y vivir plenamente. Sesiones intensivas y talleres hol\u00edsticos. \ud83c\udf3f\ud83d\udcab","publisher":{"@id":"https:\/\/laescueladevida.com.ar\/#\/schema\/person\/7f8cd1f6f0ed927dffb428a028a5e312"},"potentialAction":[{"@type":"SearchAction","target":{"@type":"EntryPoint","urlTemplate":"https:\/\/laescueladevida.com.ar\/?s={search_term_string}"},"query-input":{"@type":"PropertyValueSpecification","valueRequired":true,"valueName":"search_term_string"}}],"inLanguage":"es"},{"@type":["Person","Organization"],"@id":"https:\/\/laescueladevida.com.ar\/#\/schema\/person\/7f8cd1f6f0ed927dffb428a028a5e312","name":"Karina Benito","image":{"@type":"ImageObject","inLanguage":"es","@id":"https:\/\/laescueladevida.com.ar\/#\/schema\/person\/image\/","url":"https:\/\/laescueladevida.com.ar\/wp-content\/uploads\/2025\/01\/logo-escuela-1.webp","contentUrl":"https:\/\/laescueladevida.com.ar\/wp-content\/uploads\/2025\/01\/logo-escuela-1.webp","width":512,"height":483,"caption":"Karina Benito"},"logo":{"@id":"https:\/\/laescueladevida.com.ar\/#\/schema\/person\/image\/"},"description":"Soy Karina Benito, residente de Luj\u00e1n, en la Provincia de Buenos Aires, Argentina. Con m\u00e1s de una d\u00e9cada de experiencia en la Decodificaci\u00f3n Psicogeneal\u00f3gica, he dedicado mi carrera a guiar a las personas en sus procesos de transformaci\u00f3n personal. Adem\u00e1s de ofrecer consultas personalizadas, imparto seminarios y formaciones, enriqueciendo continuamente el conocimiento y las herramientas disponibles para aquellos que buscan sanar y crecer. Como fundadora de 'Escuela de Vida', he tenido el privilegio de acompa\u00f1ar a innumerables individuos en sus caminos hacia una comprensi\u00f3n m\u00e1s profunda de s\u00ed mismos y de sus lealtades familiares.","sameAs":["http:\/\/laescueladevida.com.ar","https:\/\/www.facebook.com\/karinabenito.escuela","https:\/\/www.instagram.com\/karinabenito_escuela\/","https:\/\/www.youtube.com\/@karinabenito"]}]}},"_links":{"self":[{"href":"https:\/\/laescueladevida.com.ar\/index.php\/wp-json\/wp\/v2\/pages\/2","targetHints":{"allow":["GET"]}}],"collection":[{"href":"https:\/\/laescueladevida.com.ar\/index.php\/wp-json\/wp\/v2\/pages"}],"about":[{"href":"https:\/\/laescueladevida.com.ar\/index.php\/wp-json\/wp\/v2\/types\/page"}],"author":[{"embeddable":true,"href":"https:\/\/laescueladevida.com.ar\/index.php\/wp-json\/wp\/v2\/users\/1"}],"replies":[{"embeddable":true,"href":"https:\/\/laescueladevida.com.ar\/index.php\/wp-json\/wp\/v2\/comments?post=2"}],"version-history":[{"count":229,"href":"https:\/\/laescueladevida.com.ar\/index.php\/wp-json\/wp\/v2\/pages\/2\/revisions"}],"predecessor-version":[{"id":50315,"href":"https:\/\/laescueladevida.com.ar\/index.php\/wp-json\/wp\/v2\/pages\/2\/revisions\/50315"}],"wp:attachment":[{"href":"https:\/\/laescueladevida.com.ar\/index.php\/wp-json\/wp\/v2\/media?parent=2"}],"curies":[{"name":"wp","href":"https:\/\/api.w.org\/{rel}","templated":true}]}}